 {"id":17070,"date":"2020-11-17T10:46:03","date_gmt":"2020-11-17T09:46:03","guid":{"rendered":"http:\/\/aiwhrmpx.preview.infomaniak.website\/NewDev\/?post_type=destination&#038;p=17070"},"modified":"2022-05-30T14:55:54","modified_gmt":"2022-05-30T12:55:54","slug":"paro-et-le-monastere-de-taktshang","status":"publish","type":"destination","link":"https:\/\/www.autigrevanille.ch\/fr\/destination\/bhoutan\/paro-et-le-monastere-de-taktshang\/","title":{"rendered":"Paro et le monast\u00e8re de Taktshang"},"content":{"rendered":"<div class=\"wpb-content-wrapper\"><p>[vc_row css=\".vc_custom_1549893038250{background-position: center !important;background-repeat: no-repeat !important;background-size: cover !important;}\" el_id=\"SM_etape_bandeau_superieur\"][vc_column css_animation=\"fadeIn\" el_class=\"PaysColonneLieux\" css=\".vc_custom_1539181599198{padding-top: 20px !important;}\"][vc_acf field_group=\"873\" align=\"center\" field_from_873=\"field_5b96526044f42\" el_class=\"PaysLieuxTitrePays\"][vc_custom_heading source=\"post_title\" font_container=\"tag:h1|font_size:50px|text_align:center|color:%23000000\" google_fonts=\"font_family:Raleway%3A100%2C200%2C300%2Cregular%2C500%2C600%2C700%2C800%2C900|font_style:100%20light%20regular%3A100%3Anormal\" el_class=\"titreLieu\" css=\".vc_custom_1579617830190{margin-top: 20px !important;}\"][vc_custom_heading text=\"Vall\u00e9e historique du Bhoutan\" font_container=\"tag:h3|font_size:18px|text_align:center|color:%23ffffff\" google_fonts=\"font_family:Raleway%3A100%2C200%2C300%2Cregular%2C500%2C600%2C700%2C800%2C900|font_style:100%20light%20regular%3A100%3Anormal\" el_class=\"soustitreLieu\" css=\".vc_custom_1605606510191{margin-top: 20px !important;}\"][\/vc_column][\/vc_row][vc_row content_placement=\"middle\" el_id=\"headerMenuLieux\" css=\".vc_custom_1534859681657{background-image: url(https:\/\/www.autigrevanille.ch\/wp-content\/uploads\/2018\/08\/fondtabsmenu.jpg?id=622) !important;background-position: center !important;background-repeat: no-repeat !important;background-size: cover !important;}\"][vc_column css=\".vc_custom_1534859675161{padding-top: 15px !important;}\"][vc_wp_custommenu nav_menu=\"96\" el_id=\"menuLieux\"][\/vc_column][\/vc_row][vc_row el_id=\"etape\" css=\".vc_custom_1554300296880{padding-top: 60px !important;}\" el_class=\"LieuxInnerColumn\"][vc_column][vc_text_separator title=\"\u00c9TAPE\" color=\"custom\" style=\"double\" accent_color=\"#aa956d\" el_class=\"titreSeparateur\"][vc_empty_space height=\"34px\" el_class=\"hidden-xs\"][\/vc_column][\/vc_row][vc_row el_class=\"lieuxRow LieuxInnerColumn\"][vc_column][vc_row_inner][vc_column_inner el_class=\"overlapImageGauche overlapImageGaucheFeatured\" width=\"3\/5\" css=\".vc_custom_1560241701490{padding-right: 0px !important;padding-left: 0px !important;}\"][vc_raw_html el_class=\"featured\"]JTVCZmVhdHVyZWQlNUQ=[\/vc_raw_html][\/vc_column_inner][vc_column_inner el_class=\"overlapTextDroite\" width=\"2\/5\" css=\".vc_custom_1558358696848{padding-top: 15px !important;background-color: #ffffff !important;}\"][vc_custom_heading text=\"Vall\u00e9e historique du Bhoutan\" font_container=\"tag:h3|font_size:22|text_align:left|color:%23000000\" google_fonts=\"font_family:Raleway%3A100%2C200%2C300%2Cregular%2C500%2C600%2C700%2C800%2C900|font_style:500%20bold%20regular%3A500%3Anormal\" css_animation=\"none\" css=\".vc_custom_1605606516639{margin-top: 0px !important;}\"][vc_raw_html]JTVCdGhlX2V4Y2VycHQlNUQ=[\/vc_raw_html][\/vc_column_inner][\/vc_row_inner][\/vc_column][\/vc_row][vc_row el_id=\"activite\" css=\".vc_custom_1565108057543{padding-top: 60px !important;}\" el_class=\"LieuxInnerColumn\"][vc_column][vc_text_separator title=\"ACTIVIT\u00c9S\" color=\"custom\" style=\"double\" accent_color=\"#aa956d\" el_class=\"titreSeparateur\"][vc_empty_space height=\"34px\" el_class=\"hidden-xs\"][\/vc_column][\/vc_row][vc_row el_class=\"LieuxInnerColumn\"][vc_column][vc_row_inner el_class=\"inversion-column\"][vc_column_inner el_class=\"overlapTextGauche\" width=\"1\/2\" css=\".vc_custom_1537347588154{padding-top: 15px !important;background-color: #ffffff !important;}\"][vc_custom_heading text=\"Grimper \u00e0 la tani\u00e8re du Tigre\" font_container=\"tag:h3|font_size:22|text_align:left|color:%23000000\" google_fonts=\"font_family:Raleway%3A100%2C200%2C300%2Cregular%2C500%2C600%2C700%2C800%2C900|font_style:500%20bold%20regular%3A500%3Anormal\" css=\".vc_custom_1605606546748{margin-top: 0px !important;}\"][vc_column_text]S'il y a bien un site incontournable au Bhoutan, c'est certainement le monast\u00e8re de Taktshang, surnomm\u00e9 le \"nid du Tigre\" pour rappeler l'arriv\u00e9e miraculeuse de Guru Rimpoch\u00e9 sur le dos d'une tigresse volante.<\/p>\n<p>Accroch\u00e9 \u00e0 une abrupte falaise, ce monast\u00e8re est l\u2019un des lieux de p\u00e8lerinage les plus v\u00e9n\u00e9r\u00e9s du monde himalayen. On y acc\u00e8de \u00e0 l'occasion d'une jolie randonn\u00e9e, mais n\u00e9anmoins sportive de trois heures, apr\u00e8s avoir travers\u00e9 une for\u00eat de pins et de rhododendrons arborescents o\u00f9 les lichens pendent aux arbres comme des barbes de g\u00e9ants.[\/vc_column_text][\/vc_column_inner][vc_column_inner el_class=\"overlapImageDroite\" width=\"1\/2\" css=\".vc_custom_1537347853545{padding-right: 0px !important;padding-left: 0px !important;}\"][vc_single_image image=\"17074\" img_size=\"medium\" alignment=\"center\" css=\".vc_custom_1605606657684{padding-right: 0px !important;padding-left: 0px !important;}\"][\/vc_column_inner][\/vc_row_inner][\/vc_column][\/vc_row][vc_row css=\".vc_custom_1565182574477{padding-top: 15px !important;}\" el_class=\"LieuxInnerColumn\"][vc_column][vc_basic_grid post_type=\"ids\" element_width=\"12\" item=\"1327\" initial_loading_animation=\"none\" grid_id=\"vc_gid:1605606682878-339b348b-ec0b-8\" include=\"16986\"][\/vc_column][\/vc_row][vc_row el_class=\"LieuxInnerColumn\"][vc_column][vc_row_inner el_class=\"inversion-column\"][vc_column_inner el_class=\"overlapTextGauche\" width=\"1\/2\" css=\".vc_custom_1537347588154{padding-top: 15px !important;background-color: #ffffff !important;}\"][vc_custom_heading text=\"Rencontrer les artisans et antiquaires de Paro\" font_container=\"tag:h3|font_size:22|text_align:left|color:%23000000\" google_fonts=\"font_family:Raleway%3A100%2C200%2C300%2Cregular%2C500%2C600%2C700%2C800%2C900|font_style:500%20bold%20regular%3A500%3Anormal\" css=\".vc_custom_1605606704902{margin-top: 0px !important;}\"][vc_column_text]L\u2019artisanat bhoutanais rev\u00eat de multiples formes, allant des peintures murales sacr\u00e9es aux arcs en bambou, en passant par le tissage de couvertures en laine, la fabrication de papier et la confection d'encens.<\/p>\n<p>Paro regroupe \u00e9galement de belles pi\u00e8ces d'antiquit\u00e9s : votre guide pourra vous introduire chez les meilleurs antiquaires de la ville.[\/vc_column_text][\/vc_column_inner][vc_column_inner el_class=\"overlapImageDroite\" width=\"1\/2\" css=\".vc_custom_1537347853545{padding-right: 0px !important;padding-left: 0px !important;}\"][vc_single_image image=\"17072\" img_size=\"medium\" alignment=\"center\" css=\".vc_custom_1605606808394{padding-right: 0px !important;padding-left: 0px !important;}\"][\/vc_column_inner][\/vc_row_inner][vc_empty_space height=\"34px\" el_class=\"hidden-sm hidden-xs\"][\/vc_column][\/vc_row][vc_row el_class=\"LieuxInnerColumn\"][vc_column][vc_row_inner][vc_column_inner el_class=\"overlapImageGauche\" width=\"1\/2\" css=\".vc_custom_1560957546728{padding-right: 0px !important;padding-left: 0px !important;}\"][vc_single_image image=\"17075\" img_size=\"medium\" alignment=\"center\" css=\".vc_custom_1605606871515{padding-right: 0px !important;padding-left: 0px !important;}\"][\/vc_column_inner][vc_column_inner el_class=\"overlapTextDroite\" width=\"1\/2\" css=\".vc_custom_1560957554800{padding-top: 15px !important;background-color: #ffffff !important;}\"][vc_custom_heading text=\"Pousser les portes des vieux temples de la vall\u00e9e\" font_container=\"tag:h3|font_size:22|text_align:left|color:%23000000\" google_fonts=\"font_family:Raleway%3A100%2C200%2C300%2Cregular%2C500%2C600%2C700%2C800%2C900|font_style:500%20bold%20regular%3A500%3Anormal\" css=\".vc_custom_1605606835818{margin-top: 0px !important;}\"][vc_column_text]La vall\u00e9e de Paro poss\u00e8de le plus ancien et plus sacr\u00e9 des temples du Bhoutan : Kyichu Lakhang. Il fait partie du r\u00e9seau des 108 temples construits par le roi tib\u00e9tain Songtsen Gampo pour subjuguer le d\u00e9mon qui couvrait le monde himalayen.<\/p>\n<p>Situ\u00e9 sur la route qui relie Paro \u00e0 Taktshang, il est certainement l'un des temples les mieux conserv\u00e9s du pays et poss\u00e8de un charme ind\u00e9niable.[\/vc_column_text][\/vc_column_inner][\/vc_row_inner][vc_empty_space height=\"34px\" el_class=\"hidden-sm hidden-xs\"][\/vc_column][\/vc_row][vc_row el_class=\"LieuxInnerColumn\"][vc_column][vc_row_inner el_class=\"inversion-column\"][vc_column_inner el_class=\"overlapTextGauche\" width=\"1\/2\" css=\".vc_custom_1537347588154{padding-top: 15px !important;background-color: #ffffff !important;}\"][vc_custom_heading text=\"Comprendre la culture bhoutanaise\" font_container=\"tag:h3|font_size:22|text_align:left|color:%23000000\" google_fonts=\"font_family:Raleway%3A100%2C200%2C300%2Cregular%2C500%2C600%2C700%2C800%2C900|font_style:500%20bold%20regular%3A500%3Anormal\" css=\".vc_custom_1605606892760{margin-top: 0px !important;}\"][vc_column_text]Sur les hauteurs de Paro, \u00e0 c\u00f4t\u00e9 de l'ancienne tour de guet, se trouve le mus\u00e9e national du Bhoutan et certainement l'un des rares mus\u00e9es que vous aurez l'occasion de visiter dans le pays.<\/p>\n<p>Franchissez-en la porte, cela constituera une excellente introduction pour le reste de votre voyage. Vous en saurez plus sur la faune et la flore locale mais aussi sur l'artisanat et les traditions notamment \u00e0 travers la magnifique collection de Thangka (peinture sur toile caract\u00e9ristique de la culture tib\u00e9taine), timbres, tissus, armes, statues, accessoires utilitaires.[\/vc_column_text][\/vc_column_inner][vc_column_inner el_class=\"overlapImageDroite\" width=\"1\/2\" css=\".vc_custom_1537347853545{padding-right: 0px !important;padding-left: 0px !important;}\"][vc_single_image image=\"17073\" img_size=\"medium\" alignment=\"center\" css=\".vc_custom_1605606929153{padding-right: 0px !important;padding-left: 0px !important;}\"][\/vc_column_inner][\/vc_row_inner][\/vc_column][\/vc_row][vc_row disable_element=\"yes\" el_class=\"LieuxInnerColumn\"][vc_column][vc_row_inner el_class=\"inversion-column\"][vc_column_inner el_class=\"overlapTextGauche\" width=\"2\/5\" css=\".vc_custom_1537347588154{padding-top: 15px !important;background-color: #ffffff !important;}\"][vc_custom_heading text=\"Sous-titre\" font_container=\"tag:h3|font_size:22|text_align:left|color:%23000000\" google_fonts=\"font_family:Raleway%3A100%2C200%2C300%2Cregular%2C500%2C600%2C700%2C800%2C900|font_style:500%20bold%20regular%3A500%3Anormal\" css=\".vc_custom_1579617724349{margin-top: 0px !important;}\"][vc_column_text]Lorem ipsum dolor sit amet, consectetur adipiscing elit. Nunc mollis tempus diam a laoreet. Fusce efficitur laoreet lorem a bibendum. Quisque et eros orci. Nullam vel elit risus. Nulla velit sem, dapibus vitae eros eu, tempus varius purus. Donec sodales, purus condimentum tempus vulputate, dolor purus convallis nunc, sit amet vehicula tortor neque eget felis. Aenean venenatis malesuada lacus in accumsan. Sed ut enim non sapien consectetur dictum nec at libero.[\/vc_column_text][\/vc_column_inner][vc_column_inner el_class=\"overlapImageDroite\" width=\"3\/5\" css=\".vc_custom_1537347853545{padding-right: 0px !important;padding-left: 0px !important;}\"][vc_single_image img_size=\"large\" alignment=\"center\" css=\".vc_custom_1565182370970{padding-right: 0px !important;padding-left: 0px !important;}\"][\/vc_column_inner][\/vc_row_inner][vc_empty_space height=\"34px\" el_class=\"hidden-sm hidden-xs\"][\/vc_column][\/vc_row][vc_row el_id=\"hebergement\" css=\".vc_custom_1565107919967{padding-top: 60px !important;}\" el_class=\"LieuxInnerColumn\"][vc_column][vc_text_separator title=\"H\u00c9BERGEMENTS\" color=\"custom\" style=\"double\" accent_color=\"#aa956d\" el_class=\"titreSeparateur\"][vc_empty_space height=\"34px\" el_class=\"hidden-xs\"][\/vc_column][\/vc_row][vc_row full_width=\"stretch_row\" el_class=\"LieuxInnerColumn\"][vc_column][vc_row_inner][vc_column_inner el_class=\"overlapImageGauche\" width=\"3\/5\" css=\".vc_custom_1537348435725{padding-right: 0px !important;padding-left: 0px !important;}\"][vc_gallery interval=\"0\" images=\"17078,17079,17080\" img_size=\"medium\"][\/vc_column_inner][vc_column_inner el_class=\"overlapTextDroite\" width=\"2\/5\" css=\".vc_custom_1558359448488{padding-top: 15px !important;background-color: #ffffff !important;}\"][vc_custom_heading text=\"The Village Lodge Paro\" font_container=\"tag:h3|font_size:22|text_align:left|color:%23000000\" google_fonts=\"font_family:Raleway%3A100%2C200%2C300%2Cregular%2C500%2C600%2C700%2C800%2C900|font_style:500%20bold%20regular%3A500%3Anormal\" css=\".vc_custom_1605606938334{margin-top: 0px !important;}\"][vc_column_text]The Village Lodge Paro, situ\u00e9 dans un cadre idyllique en plein c\u0153ur de la vall\u00e9e de Paro, est une adresse de charme o\u00f9 vous serez accueillis avec une grande hospitalit\u00e9.<\/p>\n<p>Comprenant une dizaine de chambres, il est construit et d\u00e9cor\u00e9 en s\u2019inspirant de la culture et du mode de vie bhoutanais, tout en offrant le confort n\u00e9cessaire au voyageur.[\/vc_column_text][\/vc_column_inner][\/vc_row_inner][vc_empty_space height=\"34px\" el_class=\"hidden-sm hidden-xs\"][vc_row_inner el_class=\"inversion-column\"][vc_column_inner el_class=\"overlapTextGauche\" width=\"2\/5\" css=\".vc_custom_1558359547206{padding-top: 15px !important;background-color: #ffffff !important;}\"][vc_custom_heading text=\"Uma Paro\" font_container=\"tag:h3|font_size:22|text_align:left|color:%23000000\" google_fonts=\"font_family:Raleway%3A100%2C200%2C300%2Cregular%2C500%2C600%2C700%2C800%2C900|font_style:500%20bold%20regular%3A500%3Anormal\" css=\".vc_custom_1605607633985{margin-top: 0px !important;}\"][vc_column_text]Dernier-n\u00e9 de la s\u00e9rie des h\u00f4tels-spas de Christina Ong, l\u2019h\u00f4tel Uma Paro dispose d'une architecture moderne, et les lignes \u00e9pur\u00e9es des int\u00e9rieurs se m\u00ealent harmonieusement aux d\u00e9corations finement r\u00e9alis\u00e9es par les artisans locaux.<\/p>\n<p>L'\u00e9tablissement se trouve dans un cadre verdoyant et surplombe toute la vall\u00e9e de Paro, offrant ainsi de somptueux panoramas. En plus des chambres, il dispose d'\u00e9l\u00e9gantes villas diss\u00e9min\u00e9es dans la propri\u00e9t\u00e9.[\/vc_column_text][\/vc_column_inner][vc_column_inner el_class=\"overlapImageDroite\" width=\"3\/5\" css=\".vc_custom_1537350087953{padding-right: 0px !important;padding-left: 0px !important;}\"][vc_gallery interval=\"0\" images=\"17077,17081,17082\" img_size=\"medium\"][\/vc_column_inner][\/vc_row_inner][vc_empty_space height=\"34px\" el_class=\"hidden-sm hidden-xs\"][vc_row_inner disable_element=\"yes\"][vc_column_inner el_class=\"overlapImageGauche\" width=\"3\/5\" css=\".vc_custom_1537348435725{padding-right: 0px !important;padding-left: 0px !important;}\"][vc_gallery interval=\"5\" img_size=\"large\" el_class=\"Pays_Lieux_Gallerie\"][\/vc_column_inner][vc_column_inner el_class=\"overlapTextDroite\" width=\"2\/5\" css=\".vc_custom_1558359448488{padding-top: 15px !important;background-color: #ffffff !important;}\"][vc_custom_heading text=\"Texte\" font_container=\"tag:h3|font_size:22|text_align:left|color:%23000000\" google_fonts=\"font_family:Raleway%3A100%2C200%2C300%2Cregular%2C500%2C600%2C700%2C800%2C900|font_style:500%20bold%20regular%3A500%3Anormal\" css=\".vc_custom_1579617806771{margin-top: 0px !important;}\"][vc_column_text]Texte[\/vc_column_text][\/vc_column_inner][\/vc_row_inner][\/vc_column][\/vc_row][vc_row el_id=\"activite\" css=\".vc_custom_1565108057543{padding-top: 60px !important;}\" el_class=\"LieuxInnerColumn\"][vc_column][vc_text_separator title=\"PLUS D'\u00c9TAPES PHARES\" color=\"custom\" style=\"double\" accent_color=\"#aa956d\" el_class=\"titreSeparateur\"][vc_empty_space height=\"34px\"][vc_raw_html]JTVCd3B2LXZpZXclMjBuYW1lJTNEJTIyZXRhcGVzLXBoYXJlcy1yZWxhdGVkLWFydGljbGVzJTIyJTVE[\/vc_raw_html][\/vc_column][\/vc_row]<div class=\"wpb-content-wrapper\">\n<div class=\"tb-fields-and-text\" data-toolset-blocks-fields-and-text=\"3e1d2592ce20bdf2bf813c9dfa44c991\">\n    <div class=\"wpb_text_column wpb_content_element vc_custom_1543505395542\">\n        <div class=\"wpb_wrapper\">\n            <div id=\"footer-bloc\" class=\"vc_row wpb_row vc_row-fluid vc_custom_1615999363964\">\n                <div class=\"wpb_column vc_column_container vc_column_container_footer vc_col-sm-12\">\n                    <div class=\"vc_column-inner vc_custom_1534760528264\">\n                        <div class=\"wpb_wrapper\">\n                            <div class=\"vc_row wpb_row vc_inner vc_row-fluid vc_custom_1549890561333 vc_row-has-fill\">\n                                <div class=\"wpb_column vc_column_container vc_col-sm-12\">\n                                    <div class=\"vc_column-inner vc_custom_1537963523850\">\n                                        <div class=\"wpb_wrapper\">\n                                            <div\n                                                class=\"vc_separator wpb_content_element vc_separator_align_center vc_sep_width_100 vc_sep_double vc_sep_pos_align_center titreSeparateur vc_separator-has-text\">\n                                                <span class=\"vc_sep_holder vc_sep_holder_l\" style=\"display: flex;\"><span\n                                                        style=\"border-color:#aa956d;\"\n                                                        class=\"vc_sep_line\">\u00a0<\/span>\u00a0<\/span>\n                                                <h2 style=\"display: flex;\">POURQUOI FAIRE CONFIANCE<br \/>AU TIGRE\n                                                    VANILL\u00c9<\/h2>\n                                                <p style=\"display: contents;\"><span\n                                                        class=\"vc_sep_holder vc_sep_holder_l\" style=\"display: flex;\">\n                                                        <span style=\"border-color:#aa956d;\" class=\"vc_sep_line\">\n                                                        <\/span>\n                                                    <\/span>\n                                                <\/p>\n                                            <\/div>\n                                            <div class=\"vc_empty_space hidden-sm hidden-xs\" style=\"height: 52px;\"><\/div>\n                                        <\/div>\n                                    <\/div>\n                                <\/div>\n                            <\/div>\n                            <div class=\"vc_row wpb_row vc_inner vc_row-fluid vc_custom_1549890597043 vc_row-has-fill\">\n                                <div class=\"col-sm-3 col-xs-6 wpb_column vc_column_container vc_col-sm-3\">\n                                    <div class=\"vc_column-inner\">\n                                        <div class=\"wpb_wrapper\">\n                                            <div class=\"wpb_single_image wpb_content_element vc_align_center small\">\n                                                <figure class=\"wpb_wrapper vc_figure\">\n                                                    <div class=\"vc_single_image-wrapper vc_box_border_grey\"><img decoding=\"async\" loading=\"lazy\"\n                                                            class=\"vc_single_image-img attachment-full lazy loaded\"\n                                                            src=\"https:\/\/www.autigrevanille.ch\/wp-content\/uploads\/2022\/12\/Picto-Nos-Experts-Voyages.jpg\"\n                                                            alt=\"Pictogramme de loupe\" width=\"300\" height=\"200\"\n                                                            data-src=\"https:\/\/www.autigrevanille.ch\/wp-content\/uploads\/2022\/12\/Picto-Nos-Experts-Voyages.jpg\" \/>\n                                                    <\/div>\n                                                <\/figure>\n                                            <\/div>\n                                            <div class=\"wpb_text_column wpb_content_element PaysConfiance\">\n                                                <div class=\"wpb_wrapper\">\n                                                    <p style=\"text-align: center;\">Nous sommes<strong><br \/>\n                                                        <\/strong>des experts<br \/>\n                                                        de <a\n                                                            href=\"https:\/\/www.autigrevanille.ch\/fr\/destinations\/menu-sur-mesure\/\"><strong>nos\n                                                                destinations.<\/strong><\/a><\/p>\n                                                <\/div>\n                                            <\/div>\n                                        <\/div>\n                                    <\/div>\n                                <\/div>\n                                <div class=\"col-sm-3 col-xs-6 wpb_column vc_column_container vc_col-sm-3\">\n                                    <div class=\"vc_column-inner\">\n                                        <div class=\"wpb_wrapper\">\n                                            <div class=\"wpb_single_image wpb_content_element vc_align_center small\">\n                                                <figure class=\"wpb_wrapper vc_figure\">\n                                                    <div class=\"vc_single_image-wrapper vc_box_border_grey\"><img decoding=\"async\" loading=\"lazy\"\n                                                            class=\"vc_single_image-img attachment-full lazy loaded\"\n                                                            src=\"https:\/\/www.autigrevanille.ch\/wp-content\/uploads\/2022\/04\/picto-vrai-sur-mesure.png\"\n                                                            alt=\"\" width=\"300\" height=\"200\"\n                                                            data-src=\"https:\/\/www.autigrevanille.ch\/wp-content\/uploads\/2022\/04\/picto-vrai-sur-mesure.png\" \/>\n                                                    <\/div>\n                                                <\/figure>\n                                            <\/div>\n                                            <div class=\"wpb_text_column wpb_content_element PaysConfiance\">\n                                                <div class=\"wpb_wrapper\">\n                                                    <p style=\"text-align: center;\"><a\n                                                            href=\"https:\/\/www.autigrevanille.ch\/fr\/a-propos\/agence-de-creation-de-voyages\/\"><strong>Du\n                                                                vrai sur mesure !<\/strong><\/a><br \/>\n                                                        Nous personnalisons<br \/>\n                                                        (vraiment) vos voyages.<\/p>\n                                                <\/div>\n                                            <\/div>\n                                        <\/div>\n                                    <\/div>\n                                <\/div>\n                                <div class=\"col-sm-3 col-xs-6 wpb_column vc_column_container vc_col-sm-3\">\n                                    <div class=\"vc_column-inner\">\n                                        <div class=\"wpb_wrapper\">\n                                            <div class=\"wpb_single_image wpb_content_element vc_align_center small\">\n                                                <figure class=\"wpb_wrapper vc_figure\">\n                                                    <div class=\"vc_single_image-wrapper vc_box_border_grey\"><img decoding=\"async\" loading=\"lazy\"\n                                                            class=\"vc_single_image-img attachment-full lazy loaded\"\n                                                            src=\"https:\/\/www.autigrevanille.ch\/wp-content\/uploads\/2022\/04\/picto-nos-specialistes.png\"\n                                                            alt=\"\" width=\"300\" height=\"200\"\n                                                            data-src=\"https:\/\/www.autigrevanille.ch\/wp-content\/uploads\/2022\/04\/picto-nos-specialistes.png\" \/>\n                                                    <\/div>\n                                                <\/figure>\n                                            <\/div>\n                                            <div class=\"wpb_text_column wpb_content_element PaysConfiance\">\n                                                <div class=\"wpb_wrapper\">\n                                                    <p style=\"text-align: center;\"><a\n                                                            href=\"https:\/\/www.autigrevanille.ch\/fr\/a-propos\/notre-equipe\/\"><strong>Un\n                                                                de nos sp\u00e9cialistes<\/strong><\/a><br \/>\n                                                        vous est d\u00e9di\u00e9 pour<br \/>\n                                                        toute la pr\u00e9paration.<\/p>\n                                                <\/div>\n                                            <\/div>\n                                        <\/div>\n                                    <\/div>\n                                <\/div>\n                                <div class=\"col-sm-3 col-xs-6 wpb_column vc_column_container vc_col-sm-3\">\n                                    <div class=\"vc_column-inner\">\n                                        <div class=\"wpb_wrapper\">\n                                            <div class=\"wpb_single_image wpb_content_element vc_align_center small\">\n                                                <figure class=\"wpb_wrapper vc_figure\">\n                                                    <div class=\"vc_single_image-wrapper vc_box_border_grey\"><img decoding=\"async\" loading=\"lazy\"\n                                                            class=\"vc_single_image-img attachment-full lazy loaded\"\n                                                            src=\"https:\/\/www.autigrevanille.ch\/wp-content\/uploads\/2022\/04\/picto-services-agence.png\"\n                                                            alt=\"\" width=\"300\" height=\"200\"\n                                                            data-src=\"https:\/\/www.autigrevanille.ch\/wp-content\/uploads\/2022\/04\/picto-services-agence.png\" \/>\n                                                    <\/div>\n                                                <\/figure>\n                                            <\/div>\n                                            <div class=\"wpb_text_column wpb_content_element PaysConfiance\">\n                                                <div class=\"wpb_wrapper\">\n                                                    <p style=\"text-align: center;\"><strong><a\n                                                                href=\"https:\/\/www.autigrevanille.ch\/fr\/a-propos\/des-services-personnalises\/\">Nous\n                                                                g\u00e9rons tout<\/a>.<\/strong><br \/>\n                                                        Dans les moindres<br \/>\n                                                        d\u00e9tails.<\/p>\n                                                <\/div>\n                                            <\/div>\n                                        <\/div>\n                                    <\/div>\n                                <\/div>\n                            <\/div>\n                            <div class=\"vc_row wpb_row vc_inner vc_row-fluid vc_custom_1549890605237 vc_row-has-fill\">\n                                <div class=\"wpb_column vc_column_container vc_col-sm-12\">\n                                    <div class=\"vc_column-inner vc_custom_1537887407590\">\n                                        <div class=\"wpb_wrapper\">\n                                            <div class=\"vc_empty_space hidden-sm\" style=\"height: 32px;\"><\/div>\n                                        <\/div>\n                                    <\/div>\n                                <\/div>\n                            <\/div>\n                        <\/div>\n                    <\/div>\n                <\/div>\n            <\/div>\n            <div id=\"footer-global\" class=\"vc_row wpb_row vc_row-fluid vc_custom_1633696329940 vc_row-has-fill\">                \n                <div class=\"wpb_column vc_column_container vc_col-sm-3\">\n                    <div class=\"vc_column-inner\">\n                        <div class=\"wpb_wrapper\">\n                            <div class=\"wpb_text_column wpb_content_element footer\">\n                                <div class=\"wpb_wrapper\">\n                                    <p><strong>QUI SOMMES-NOUS ?<\/strong><\/p>\n                                    <p> <a href=\"https:\/\/www.autigrevanille.ch\/fr\/a-propos\/agence-de-creation-de-voyages\/\">Notre approche<\/a><br \/>\n                                        <a href=\"https:\/\/www.autigrevanille.ch\/fr\/a-propos\/des-services-personnalises\/\">Nos services<\/a><br \/>\n                                        <a href=\"https:\/\/www.autigrevanille.ch\/fr\/a-propos\/notre-equipe\/\">Notre \u00e9quipe<\/a><br \/>\n                                        <a title=\"D\u00e9couvrez toutes nos offres d'emploi\" href=\"https:\/\/www.autigrevanille.ch\/fr\/rejoignez-nous\/\">Rejoignez-nous !<\/a><br><br>\n                                    <\/p>\n                                <\/div>\n                            <\/div>\n                        <\/div>\n                    <\/div>\n                <\/div>\n                <div class=\"wpb_column vc_column_container vc_col-sm-3\">\n                    <div class=\"vc_column-inner\">\n                        <div class=\"wpb_wrapper\">\n                            <div class=\"wpb_text_column wpb_content_element footer\">\n                                <div class=\"wpb_wrapper\">\n                                    <p><strong>LISTES DE MARIAGE<\/strong><\/p>\n                                    <a href=\"https:\/\/www.autigrevanille.ch\/fr\/voyages-de-noces\/\" target=\"_blank\" rel=\"noopener noreferrer\">Voyages de noces<\/a><br \/>\n                                    <a href=\"https:\/\/www.vanillatiger.ch\/fr\/mariages\" target=\"_blank\" rel=\"noopener noreferrer\">Pour les invit\u00e9s<\/a><br \/>\n                                    <a href=\"https:\/\/www.vanillatiger.ch\/clients\/\" target=\"_blank\" rel=\"noopener noreferrer\">Pour les mari\u00e9s<\/a>\n                                <\/div>\n                            <\/div>\n                        <\/div>\n                    <\/div>\n                <\/div>\n                <div class=\"wpb_column vc_column_container vc_col-sm-3\">\n                    <div class=\"vc_column-inner\">\n                        <div class=\"wpb_wrapper\">\n                            <div class=\"wpb_text_column wpb_content_element footer\">\n                                <div class=\"wpb_wrapper\">\n                                    <p><strong>ACCES RAPIDE<\/strong><\/p>\n                                    <p><a class=\"popup_navigation-sur-mesure\" href=\"#\" target=\"_blank\" rel=\"noopener noreferrer\">Nos destinations<\/a><br \/>\n                                        <a href=\"https:\/\/www.autigrevanille.ch\/fr\/voyages-en-petit-groupe\/\" target=\"_blank\" rel=\"noopener noreferrer\">En petit groupe<\/a><br \/>\n                                        <a class=\"popup_selon_vos_envie\" href=\"#\" target=\"_blank\" rel=\"noopener noreferrer\">Selon vos envies<\/a><br \/>\n                                        <a href=\"https:\/\/www.autigrevanille.ch\/fr\/blog\/\" target=\"_blank\" rel=\"noopener noreferrer\">Le blog du Tigre<\/a><br \/>\n                                        <a href=\"https:\/\/www.autigrevanille.ch\/fr\/prise-de-rdv\/?ins_portable=%2B41\" target=\"_blank\" rel=\"noopener noreferrer\">Contact<\/a>\n                                    <\/p>\n                                <\/div>\n                            <\/div>\n                        <\/div>\n                    <\/div>\n                <\/div>\n                <div class=\"wpb_column vc_column_container vc_col-sm-3\">\n                    <div class=\"vc_column-inner\">\n                        <div class=\"wpb_wrapper\">\n                            <a href=\"https:\/\/www.serandipians.com\" rel=\"Site web de Serandipians by Traveller Made noopener\" target=\"_blank\"><img decoding=\"async\" loading=\"lazy\"\n                                    src=\"https:\/\/www.autigrevanille.ch\/wp-content\/uploads\/2022\/02\/Serandipians-by-Traveller-Made_white-800x346.png\"\n                                    alt=\"Logo Serandipians-by-Traveller-Made\" width=\"200\" height=\"86\"\n                                    class=\"size-small\" \/><\/a>\n                        <\/div>\n                    <\/div>\n                <\/div>\n                \n                <div class=\"wpb_column vc_column_container vc_column_container_footer vc_col-sm-12\">\n                    <div class=\"vc_column-inner vc_custom_1534760528264 mainBlockPartenaire\">\n                        <div class=\"wpb_wrapper\">\n                            <div class=\"vc_row wpb_row vc_inner vc_row-fluid vc_custom_1549890561333 vc_row-has-fill\">\n                                <div class=\"wpb_column vc_column_container vc_col-sm-12\">\n                                    <div class=\"vc_column-inner vc_custom_1537963523850 blockPartenaire\">\n                                        <div class=\"wpb_wrapper\">\n                                            <div\n                                                class=\"vc_separator wpb_content_element vc_separator_align_center vc_sep_width_100 vc_sep_double vc_sep_pos_align_center titreSeparateur vc_separator-has-text\">\n                                                \n                                                <h3 class=\"subTitleFooter\" style=\"display: flex;\">Abonnez-vous \u00e0 notre newsletter<\/h3>\n                                               \n                                            <\/div>\n                                            <div class=\"vc_empty_space hidden-sm hidden-xs\" style=\"height: 52px;\"><\/div>\n                                        <\/div>\n                                    <\/div>\n                                <\/div>\n                            <\/div>\n                            <div class=\"vc_row wpb_row vc_inner vc_row-fluid vc_custom_1549890597043 vc_row-has-fill\">\n                                <div class=\"wpb_column vc_column_container vc_col-sm-12\">\n                                    <div class=\"vc_column-inner newsletter\">\n                                        <div class=\"wpb_wrapper\">\n                                            <div>\n                                                <form class=\"js-cm-form\" id=\"subForm\"\n                                                    action=\"https:\/\/www.createsend.com\/t\/subscribeerror?description=\"\n                                                    method=\"post\"\n                                                    data-id=\"A61C50BEC994754B1D79C5819EC1255CA083EDFB87A5E3A05DE37441CC77A8DFD2601A7411A3EDBD911334F9FAFDF85709FF16C131DE573FE525CD1BBFFBFD99\">\n                                                    <div>\n                                                        <div>\n                                                            <p>\n                                                                <input autocomplete=\"Email\" aria-label=\"Email\"\n                                                                    class=\"js-cm-email-input qa-input-email newsletter\" id=\"fieldEmail\"\n                                                                    maxlength=\"200\" name=\"cm-jtkymr-jtkymr\" placeholder=\"Email*\"\n                                                                    required=\"\" type=\"email\">\n                                                                <button class=\"button_newsletter newsletter\" type=\"submit\">Inscription<\/button>\n                                                            <\/p>\n                                                        <\/div>\n                                                    <\/div>\n                                                <\/form>\n                                            <\/div>\n                                            <p>\n                                                <script type=\"text\/javascript\"\n                                                    src=\"https:\/\/js.createsend1.com\/javascript\/copypastesubscribeformlogic.js\"><\/script><\/p>\n                                        <\/div>\n                                    <\/div>\n                                <\/div>\n                            <\/div>\n                        <\/div>\n                    <\/div>\n                <\/div>\n            <\/div>\n            <div id=\"partenaires\" class=\"wpb_column vc_column_container vc_column_container_footer vc_col-sm-12\">\n                <div class=\"vc_column-inner vc_custom_1534760528264 mainBlockPartenaire\">\n                    <div class=\"wpb_wrapper\">\n                        <div class=\"vc_row wpb_row vc_inner vc_row-fluid vc_custom_1549890561333 vc_row-has-fill\">\n                            <div class=\"wpb_column vc_column_container vc_col-sm-12\">\n                                <div class=\"vc_column-inner vc_custom_1537963523850 blockPartenaire\">\n                                    <div class=\"wpb_wrapper\">\n                                        <div\n                                            class=\"vc_separator wpb_content_element vc_separator_align_center vc_sep_width_100 vc_sep_double vc_sep_pos_align_center titreSeparateur vc_separator-has-text\">\n                                           \n                                            <h3 class=\"subTitleFooter\" style=\"display: flex;\">Nos autres activit\u00e9s<\/h3>\n                                           \n                                        <\/div>\n                                        <div class=\"vc_empty_space hidden-sm hidden-xs\" style=\"height: 52px;\"><\/div>\n                                    <\/div>\n                                <\/div>\n                            <\/div>\n                        <\/div>\n                    <\/div>\n                <\/div>\n                \n                <div class=\"wpb_column vc_column_container vc_col-sm-4\">\n                    <div class=\"vc_column-inner\">\n                        <div class=\"wpb_wrapper\">\n                            <a href=\"https:\/\/lesmondespolaires.ch\/\" rel=\"Les mondes polaires - Exp\u00e9ditions et circuit en Arctique Antartique noopener\" target=\"_blank\">\n                                <img decoding=\"async\" loading=\"lazy\"\n                                    src=\"https:\/\/www.autigrevanille.ch\/wp-content\/uploads\/2023\/07\/Les-mondes-polaires-2.png\"\n                                    alt=\"Logo Les Mondes Polaires\" width=\"175\" height=\"120\"\n                                    class=\"size-small\" \/>\n                                    <p>Exp\u00e9ditions et circuits en <br>Arctique et Antarctique<\/p>\n                            <\/a>\n                        <\/div>\n                    <\/div>\n                <\/div>\n                <!-- <div class=\"wpb_column vc_column_container vc_col-sm-4\">\n                    <div class=\"vc_column-inner\">\n                        <div class=\"wpb_wrapper\">\n                            <a href=\"https:\/\/www.tirawa.com\/\" rel=\"Tirawa - Voyage randonn\u00e9e en petit groupe noopener\" target=\"_blank\">\n                                <img decoding=\"async\" loading=\"lazy\"\n                                    src=\"https:\/\/www.autigrevanille.ch\/wp-content\/uploads\/2023\/07\/Tirawa-2.png\"\n                                    alt=\"Logo Tirawa\" width=\"175\" height=\"120\"\n                                    class=\"size-small\" \/>\n                                    <p>Voyages randonn\u00e9e en <br>petit groupe<\/p>\n                            <\/a>\n                        <\/div>\n                    <\/div>\n                <\/div> -->\n                <div class=\"wpb_column vc_column_container vc_col-sm-4\">\n                    <div class=\"vc_column-inner\">\n                        <div class=\"wpb_wrapper\">\n                            <a href=\"https:\/\/www.photographe-voyageur.com\/\" rel=\"Concours du Phototgraphe Voyageur noopener\" target=\"_blank\">\n                                <img decoding=\"async\" loading=\"lazy\"\n                                    src=\"https:\/\/www.autigrevanille.ch\/wp-content\/uploads\/2023\/07\/Concours-photographe-voyageur-2.png\"\n                                    alt=\"Logo Phototgraphe Voyageur\" width=\"175\" height=\"120\"\n                                    class=\"size-small\" \/>\n                                    <p>Concours du <br>Phototgraphe Voyageur<\/p>\n                            <\/a>\n                        <\/div>\n                    <\/div>\n                <\/div>\n                <div class=\"wpb_column vc_column_container vc_col-sm-4\">\n                    <div class=\"vc_column-inner\">\n                        <div class=\"wpb_wrapper\">\n                            <a href=\"https:\/\/www.watchandcow.com\/\" rel=\"Watch and Cow - Circuit de luxe sur mesure en Suisse noopener\" target=\"_blank\">\n                                <img decoding=\"async\" loading=\"lazy\"\n                                    src=\"https:\/\/www.autigrevanille.ch\/wp-content\/uploads\/2023\/07\/Watch-and-cow-2.png\"\n                                    alt=\"Logo Watch and Cow\" width=\"175\" height=\"120\"\n                                    class=\"size-small\" \/>\n                                    <p>Circuits de luxe sur mesure<br> en Suisse<\/p>\n                            <\/a>\n                        <\/div>\n                    <\/div>\n                <\/div>\n                <div class=\"wpb_column vc_column_container vc_col-sm-12 mentions\">\n                    <div class=\"vc_column-inner vc_custom_1606125359772\">\n                        <div class=\"wpb_wrapper\">\n                            <div class=\"wpb_text_column wpb_content_element footer\">\n                                <div class=\"wpb_wrapper\">\n                                    <p style=\"text-align: center;\">\u00a9 Au Tigre Vanill\u00e9 S\u00e0rl - <a\n                                            href=\"https:\/\/www.autigrevanille.ch\/informations-legales\/#mentions-legales\">Mentions\n                                            l\u00e9gales<\/a> | <a\n                                            href=\"https:\/\/www.autigrevanille.ch\/informations-legales\/#conditions-generales\">Conditions\n                                            G\u00e9n\u00e9rales<\/a> | <a\n                                            href=\"https:\/\/www.autigrevanille.ch\/informations-legales\/#protection-des-donnees\">Politique\n                                            de confidentialit\u00e9<\/a><\/p>\n                                <\/div>\n                            <\/div>\n                        <\/div>\n                    <\/div>\n                <\/div>\n            <\/div>\n        <\/div>\n            <style type=\"text\/css\" data-type=\"rcb-_wpb_shortcodes_custom_css-1867\">\n                .vc_custom_1543505406831>.vc_column-inner {\n                    padding-left: 0px !important;\n                    padding-right: 0px !important;\n                }\n                .vc_custom_1615999363964 {\n                    margin-top: 0px !important;\n                    margin-right: 0px !important;\n                    margin-bottom: 0px !important;\n                    margin-left: 0px !important;\n                    padding-top: 0px !important;\n                    padding-bottom: 0px !important;\n                }\n                .vc_custom_1633696329940 {\n                    padding-right: 10% !important;\n                    padding-left: 10% !important;\n                    background-color: #807b6c !important;\n                }\n                .vc_custom_1606125322289 {\n                    margin-top: 0px !important;\n                    margin-right: 0px !important;\n                    margin-bottom: 0px !important;\n                    margin-left: 0px !important;\n                    background-color: #807b6c !important;\n                }\n                .vc_custom_1534760528264 {\n                    padding-top: 0px !important;\n                    padding-right: 0px !important;\n                    padding-left: 0px !important;\n                }\n                div#footer-bloc {\n                    background-color: #f5f1e7 !important;\n                }\n                div#footer-bloc.partenaires {\n                    background: #FFFFFF !important;\n                }\n                div#footer-bloc.partenaires .PaysConfiance {\n                    margin-top: 20px;\n                }\n                .vc_separator.vc_separator_align_center h2 {\n                    padding: 0 0.8em;\n                    font-size: 3.6rem!important;\n                }\n                .vc_custom_1549890597043 {\n                    padding-right: 7% !important;\n                    padding-left: 7% !important;\n                }\n                .vc_custom_1549890605237 {\n                    padding-right: 10% !important;\n                    padding-left: 10% !important;\n                }\n                .vc_custom_1537963523850 {\n                    margin-top: 80px !important;\n                    padding-right: 10% !important;\n                    padding-left: 10% !important;\n                }\n                .vc_custom_1537887407590 {\n                    padding-right: 10% !important;\n                    padding-left: 10% !important;\n                }\n                .vc_custom_1637309831446 {\n                    margin-bottom: 20px !important;\n                }\n                .vc_custom_1635503718737 {\n                    margin-bottom: 30px !important;\n                }\n                .vc_custom_1606125359772 {\n                    padding-bottom: 10px !important;\n                }\n              #content .wpb_alert p:last-child, #content .wpb_text_column :last-child, #content .wpb_text_column p:last-child, .wpb_alert p:last-child, .wpb_text_column :last-child, .wpb_text_column p:last-child {\n    margin-bottom: 0;\n    border-right:inherit;\n}\n              .entry-content a {\n    border: none;\n    color: #d59814;\n    font-weight: inherit !important;\n}\n            img.partenaireIMG {\n                width: 175px;\n            }\n            a.partenaireLink {\n                opacity: .7;\n                -webkit-transition: all 300ms ease-out;\n                -moz-transition: all 300ms ease-out;\n                -ms-transition: all 300ms ease-out;\n                -o-transition: all 300ms ease-out;\n                transition: all 300ms ease-out;\n            }\n            a.partenaireLink:hover {\n                opacity: 1;-webkit-transition: all 300ms ease-out;\n                -moz-transition: all 300ms ease-out;\n                -ms-transition: all 300ms ease-out;\n                -o-transition: all 300ms ease-out;\n                transition: all 300ms ease-out;\n            }\n            p.partenaireSubTitle {\n                text-align: center;\n                font-size: 14px !important;\n                margin-top: 15px;\n                color: #FFFFFF !important;\n            }\n            .blockPartenaire{\n                margin-top: 30px !important;\n                padding-top: 10px !important;\n                margin-bottom: -30px !important;\n            }\n            .blockPartenaire h2{\n                color: #FFFFFF !important;\n            }\n            .mainBlockPartenaire{\n                margin-bottom: 40px !important;\n            }\n            button.newsletter {\n                border: none;\n                background: #aa956d;\n                border-radius: 0px !important;\n                margin-left: -4px;\n            }   \n            input.newsletter {\n                padding: 9px 10px 8px 10px;\n                border: none !important;\n                border-radius: 0px;    \n                width: 50%;\n                margin-left: calc(25% - 70px);\n            }\n            h3.subTitleFooter {\n                display: flex;\n                color: #FFFFFF;\n                font-size: 30px;\n                padding: 0 40px;\n                font-weight: 100;\n                letter-spacing: 1px;\n                text-align: center;\n                line-height: 26px;\n            }\n            .vc_column-inner.newsletter{\n                padding-top: 0 !important;\n            }\n            .footer p strong {\n                text-decoration: underline;\n                margin-bottom: 8px !important;\n                display: block;\n            }\n            .footer p {\n    font-size: 1.4rem !important;\n    font-family: 'Raleway' !important;\n    font-weight: 400 !important;\n}\n.vc_column-inner.vc_custom_1534760528264.mainBlockPartenaire {\n    margin-bottom: 0px !important;\n}\n\n            #partenaires {\n                background: #928f80;\n                display: flex;\n                flex-direction: row;\n                flex-wrap: wrap;\n                justify-content: center;  \/* \u2190 R\u00e9partit uniform\u00e9ment avec espaces \u00e9gaux *\/\n    \t\t\talign-items: center;\n                padding-top: 20px;\n            }\n\n            #partenaires .vc_separator.vc_sep_double .vc_sep_line {\n                border-bottom: 1px solid #ffffff!important;\n                border-top: 2px solid #ffffff!important;\n            }\n\n\n            #partenaires .wpb_column.vc_column_container.vc_col-sm-4 {\n                display: flex;\n                flex-direction: column;\n                align-content: center;\n                justify-content: center;\n                align-items: stretch;\n            }\n            #partenaires .wpb_column.vc_column_container.vc_col-sm-4 .wpb_wrapper {\n                display: flex;\n                flex-direction: column;\n                align-content: center;\n                flex-wrap: wrap;\n            }\n            #partenaires .wpb_column.vc_column_container.vc_col-sm-4 .wpb_wrapper p {\n                font-size: 13px !important;\n                color: #ffffff !important;\n                text-align: center;\n                margin-top: 5px;\n            }\n            #partenaires .wpb_column.vc_column_container.vc_col-sm-4 .wpb_wrapper a {\n                opacity: .7;\n                -webkit-transition: all 300ms ease-out;\n                -moz-transition: all 300ms ease-out;\n                -ms-transition: all 300ms ease-out;\n                -o-transition: all 300ms ease-out;\n                transition: all 300ms ease-out;\n            }\n            #partenaires .wpb_column.vc_column_container.vc_col-sm-4 .wpb_wrapper a:hover {\n                opacity: 1;\n                -webkit-transition: all 300ms ease-out;\n                -moz-transition: all 300ms ease-out;\n                -ms-transition: all 300ms ease-out;\n                -o-transition: all 300ms ease-out;\n                transition: all 300ms ease-out;\n            }\n            #partenaires .wpb_column.vc_column_container.vc_col-sm-12.mentions {\n                margin-top: 30px;\n            }\n            #footer-global {\n                padding-bottom: 4rem;\n            }\n              .vc_separator.vc_sep_double {\n    height: 3px;\n    display: flex;\n    flex-wrap: nowrap;\n    align-content: flex-start;\n    justify-content: center;\n}\n\n\/* Version mobile sp\u00e9cifique - CORRIG\u00c9E *\/\n\/* Solution RADICALE pour mobile - cibler le vrai probl\u00e8me *\/\n@media (max-width: 768px) {\n    \/* Forcer la hauteur automatique pour \u00e9viter la superposition *\/\n    .wpb_column.vc_column_container.vc_col-sm-12 {\n        height: auto !important;\n        min-height: auto !important;\n        overflow: visible !important;\n    }\n    \n    \/* R\u00e9organiser compl\u00e8tement la section newsletter *\/\n    .vc_column-inner.newsletter,\n    .wpb_column.vc_column_container.vc_column_container_footer.vc_col-sm-12 .vc_column-inner {\n        height: auto !important;\n        min-height: auto !important;\n        padding: 20px 10px !important;\n        margin-bottom: 20px !important;\n        display: block !important;\n        overflow: visible !important;\n    }\n    \n    \/* Forcer les \u00e9l\u00e9ments du formulaire en vertical *\/\n    .vc_column-inner.newsletter form,\n    .vc_column-inner.newsletter form div,\n    .vc_column-inner.newsletter form div div,\n    .vc_column-inner.newsletter form p {\n        display: block !important;\n        width: 100% !important;\n        text-align: center !important;\n        margin: 0 !important;\n        padding: 5px 0 !important;\n    }\n    \n    \/* Input et bouton en mode empil\u00e9 *\/\n    input.newsletter {\n        width: 80% !important;\n        margin: 0 auto 15px auto !important;\n        display: block !important;\n    }\n    \n    button.button_newsletter {\n        margin: 0 auto !important;\n        display: block !important;\n        width: fit-content !important;\n    }\n    \n    \/* Espacement entre sections *\/\n    #footer-global {\n        margin-bottom: 20px !important;\n    }\n    \n    #partenaires {\n        margin-top: 20px !important;\n        clear: both !important;\n    }\n}\n\n\n            <\/style>\n        <\/div>\n    <\/div>\n<\/div>\n<\/div>\n<\/div>\n<\/div>","protected":false},"excerpt":{"rendered":"<p>Situ\u00e9 \u00e0 2\u2019250 m\u00e8tres d\u2019altitude, Paro est le premier contact qu&rsquo;a le voyageur arrivant au Bhoutan en avion. <\/p>\n<p>Le bouddhisme est apparu tr\u00e8s t\u00f4t dans cette vall\u00e9e, comme en t\u00e9moignent le vieux temple de Kyichu Lakhang dont l&rsquo;origine remonterait au VIIe si\u00e8cle. <\/p>\n<p>La ville actuelle s&rsquo;est cr\u00e9\u00e9e \u00e0 la fin du XX\u00e8me si\u00e8cle autour du vieux dzong (forteresse). Aujourd&rsquo;hui, la rue principale est bord\u00e9e de maisons construites en style traditionnel et peintes de motifs color\u00e9s. <\/p>\n","protected":false},"featured_media":16991,"parent":0,"menu_order":750,"template":"","categories":[],"tag_pays":[5],"acf":[],"yoast_head":"<!-- This site is optimized with the Yoast SEO plugin v21.5 - https:\/\/yoast.com\/wordpress\/plugins\/seo\/ -->\n<title>Bhoutan : Paro et le monast\u00e8re de Taktshang | Au Tigre Vanill\u00e9<\/title>\n<meta name=\"description\" content=\"Paro et le monast\u00e8re de Taktshang : pr\u00e9parons ensemble un voyage 100% sur mesure en accord avec vos envies\" \/>\n<meta name=\"robots\" content=\"index, follow, max-snippet:-1, max-image-preview:large, max-video-preview:-1\" \/>\n<link rel=\"canonical\" href=\"https:\/\/www.autigrevanille.ch\/fr\/destination\/bhoutan\/paro-et-le-monastere-de-taktshang\/\" \/>\n<meta property=\"og:locale\" content=\"fr_FR\" \/>\n<meta property=\"og:type\" content=\"article\" \/>\n<meta property=\"og:title\" content=\"Bhoutan : Paro et le monast\u00e8re de Taktshang | Au Tigre Vanill\u00e9\" \/>\n<meta property=\"og:description\" content=\"Paro et le monast\u00e8re de Taktshang : pr\u00e9parons ensemble un voyage 100% sur mesure en accord avec vos envies\" \/>\n<meta property=\"og:url\" content=\"https:\/\/www.autigrevanille.ch\/fr\/destination\/bhoutan\/paro-et-le-monastere-de-taktshang\/\" \/>\n<meta property=\"og:site_name\" content=\"Au Tigre Vanill\u00e9, agence de voyages sur mesure\" \/>\n<meta property=\"article:publisher\" content=\"https:\/\/www.facebook.com\/autigrevanille\" \/>\n<meta property=\"article:modified_time\" content=\"2022-05-30T12:55:54+00:00\" \/>\n<meta property=\"og:image\" content=\"https:\/\/www.autigrevanille.ch\/wp-content\/uploads\/2020\/11\/vallee-paro-monastere-bhoutan.jpg\" \/>\n\t<meta property=\"og:image:width\" content=\"1024\" \/>\n\t<meta property=\"og:image:height\" content=\"683\" \/>\n\t<meta property=\"og:image:type\" content=\"image\/jpeg\" \/>\n<meta name=\"twitter:card\" content=\"summary_large_image\" \/>\n<script type=\"application\/ld+json\" class=\"yoast-schema-graph\">{\"@context\":\"https:\/\/schema.org\",\"@graph\":[{\"@type\":\"WebPage\",\"@id\":\"https:\/\/www.autigrevanille.ch\/fr\/destination\/bhoutan\/paro-et-le-monastere-de-taktshang\/\",\"url\":\"https:\/\/www.autigrevanille.ch\/fr\/destination\/bhoutan\/paro-et-le-monastere-de-taktshang\/\",\"name\":\"Bhoutan : Paro et le monast\u00e8re de Taktshang | Au Tigre Vanill\u00e9\",\"isPartOf\":{\"@id\":\"https:\/\/www.autigrevanille.ch\/fr\/#website\"},\"datePublished\":\"2020-11-17T09:46:03+00:00\",\"dateModified\":\"2022-05-30T12:55:54+00:00\",\"description\":\"Paro et le monast\u00e8re de Taktshang : pr\u00e9parons ensemble un voyage 100% sur mesure en accord avec vos envies\",\"breadcrumb\":{\"@id\":\"https:\/\/www.autigrevanille.ch\/fr\/destination\/bhoutan\/paro-et-le-monastere-de-taktshang\/#breadcrumb\"},\"inLanguage\":\"fr-FR\",\"potentialAction\":[{\"@type\":\"ReadAction\",\"target\":[\"https:\/\/www.autigrevanille.ch\/fr\/destination\/bhoutan\/paro-et-le-monastere-de-taktshang\/\"]}]},{\"@type\":\"BreadcrumbList\",\"@id\":\"https:\/\/www.autigrevanille.ch\/fr\/destination\/bhoutan\/paro-et-le-monastere-de-taktshang\/#breadcrumb\",\"itemListElement\":[{\"@type\":\"ListItem\",\"position\":1,\"name\":\"Accueil\",\"item\":\"https:\/\/www.autigrevanille.ch\/fr\/\"},{\"@type\":\"ListItem\",\"position\":2,\"name\":\"\u00c9tapes phares\",\"item\":\"https:\/\/www.autigrevanille.ch\/fr\/destination\/\"},{\"@type\":\"ListItem\",\"position\":3,\"name\":\"Paro et le monast\u00e8re de Taktshang\"}]},{\"@type\":\"WebSite\",\"@id\":\"https:\/\/www.autigrevanille.ch\/fr\/#website\",\"url\":\"https:\/\/www.autigrevanille.ch\/fr\/\",\"name\":\"Au Tigre Vanill\u00e9, agence de voyages sur mesure\",\"description\":\"Agence de voyages d&#039;exception et sur mesure\",\"publisher\":{\"@id\":\"https:\/\/www.autigrevanille.ch\/fr\/#organization\"},\"potentialAction\":[{\"@type\":\"SearchAction\",\"target\":{\"@type\":\"EntryPoint\",\"urlTemplate\":\"https:\/\/www.autigrevanille.ch\/fr\/?s={search_term_string}\"},\"query-input\":\"required name=search_term_string\"}],\"inLanguage\":\"fr-FR\"},{\"@type\":\"Organization\",\"@id\":\"https:\/\/www.autigrevanille.ch\/fr\/#organization\",\"name\":\"Au Tigre Vanill\u00e9\",\"url\":\"https:\/\/www.autigrevanille.ch\/fr\/\",\"logo\":{\"@type\":\"ImageObject\",\"inLanguage\":\"fr-FR\",\"@id\":\"https:\/\/www.autigrevanille.ch\/fr\/#\/schema\/logo\/image\/\",\"url\":\"https:\/\/www.autigrevanille.ch\/wp-content\/uploads\/2018\/08\/Logo_ATV_300x276.png\",\"contentUrl\":\"https:\/\/www.autigrevanille.ch\/wp-content\/uploads\/2018\/08\/Logo_ATV_300x276.png\",\"width\":300,\"height\":276,\"caption\":\"Au Tigre Vanill\u00e9\"},\"image\":{\"@id\":\"https:\/\/www.autigrevanille.ch\/fr\/#\/schema\/logo\/image\/\"},\"sameAs\":[\"https:\/\/www.facebook.com\/autigrevanille\",\"https:\/\/www.instagram.com\/autigrevanille\",\"https:\/\/www.linkedin.com\/company\/autigrevanille\/\"]}]}<\/script>\n<!-- \/ Yoast SEO plugin. -->","yoast_head_json":{"title":"Bhoutan : Paro et le monast\u00e8re de Taktshang | Au Tigre Vanill\u00e9","description":"Paro et le monast\u00e8re de Taktshang : pr\u00e9parons ensemble un voyage 100% sur mesure en accord avec vos envies","robots":{"index":"index","follow":"follow","max-snippet":"max-snippet:-1","max-image-preview":"max-image-preview:large","max-video-preview":"max-video-preview:-1"},"canonical":"https:\/\/www.autigrevanille.ch\/fr\/destination\/bhoutan\/paro-et-le-monastere-de-taktshang\/","og_locale":"fr_FR","og_type":"article","og_title":"Bhoutan : Paro et le monast\u00e8re de Taktshang | Au Tigre Vanill\u00e9","og_description":"Paro et le monast\u00e8re de Taktshang : pr\u00e9parons ensemble un voyage 100% sur mesure en accord avec vos envies","og_url":"https:\/\/www.autigrevanille.ch\/fr\/destination\/bhoutan\/paro-et-le-monastere-de-taktshang\/","og_site_name":"Au Tigre Vanill\u00e9, agence de voyages sur mesure","article_publisher":"https:\/\/www.facebook.com\/autigrevanille","article_modified_time":"2022-05-30T12:55:54+00:00","og_image":[{"width":1024,"height":683,"url":"https:\/\/www.autigrevanille.ch\/wp-content\/uploads\/2020\/11\/vallee-paro-monastere-bhoutan.jpg","type":"image\/jpeg"}],"twitter_card":"summary_large_image","schema":{"@context":"https:\/\/schema.org","@graph":[{"@type":"WebPage","@id":"https:\/\/www.autigrevanille.ch\/fr\/destination\/bhoutan\/paro-et-le-monastere-de-taktshang\/","url":"https:\/\/www.autigrevanille.ch\/fr\/destination\/bhoutan\/paro-et-le-monastere-de-taktshang\/","name":"Bhoutan : Paro et le monast\u00e8re de Taktshang | Au Tigre Vanill\u00e9","isPartOf":{"@id":"https:\/\/www.autigrevanille.ch\/fr\/#website"},"datePublished":"2020-11-17T09:46:03+00:00","dateModified":"2022-05-30T12:55:54+00:00","description":"Paro et le monast\u00e8re de Taktshang : pr\u00e9parons ensemble un voyage 100% sur mesure en accord avec vos envies","breadcrumb":{"@id":"https:\/\/www.autigrevanille.ch\/fr\/destination\/bhoutan\/paro-et-le-monastere-de-taktshang\/#breadcrumb"},"inLanguage":"fr-FR","potentialAction":[{"@type":"ReadAction","target":["https:\/\/www.autigrevanille.ch\/fr\/destination\/bhoutan\/paro-et-le-monastere-de-taktshang\/"]}]},{"@type":"BreadcrumbList","@id":"https:\/\/www.autigrevanille.ch\/fr\/destination\/bhoutan\/paro-et-le-monastere-de-taktshang\/#breadcrumb","itemListElement":[{"@type":"ListItem","position":1,"name":"Accueil","item":"https:\/\/www.autigrevanille.ch\/fr\/"},{"@type":"ListItem","position":2,"name":"\u00c9tapes phares","item":"https:\/\/www.autigrevanille.ch\/fr\/destination\/"},{"@type":"ListItem","position":3,"name":"Paro et le monast\u00e8re de Taktshang"}]},{"@type":"WebSite","@id":"https:\/\/www.autigrevanille.ch\/fr\/#website","url":"https:\/\/www.autigrevanille.ch\/fr\/","name":"Au Tigre Vanill\u00e9, agence de voyages sur mesure","description":"Agence de voyages d&#039;exception et sur mesure","publisher":{"@id":"https:\/\/www.autigrevanille.ch\/fr\/#organization"},"potentialAction":[{"@type":"SearchAction","target":{"@type":"EntryPoint","urlTemplate":"https:\/\/www.autigrevanille.ch\/fr\/?s={search_term_string}"},"query-input":"required name=search_term_string"}],"inLanguage":"fr-FR"},{"@type":"Organization","@id":"https:\/\/www.autigrevanille.ch\/fr\/#organization","name":"Au Tigre Vanill\u00e9","url":"https:\/\/www.autigrevanille.ch\/fr\/","logo":{"@type":"ImageObject","inLanguage":"fr-FR","@id":"https:\/\/www.autigrevanille.ch\/fr\/#\/schema\/logo\/image\/","url":"https:\/\/www.autigrevanille.ch\/wp-content\/uploads\/2018\/08\/Logo_ATV_300x276.png","contentUrl":"https:\/\/www.autigrevanille.ch\/wp-content\/uploads\/2018\/08\/Logo_ATV_300x276.png","width":300,"height":276,"caption":"Au Tigre Vanill\u00e9"},"image":{"@id":"https:\/\/www.autigrevanille.ch\/fr\/#\/schema\/logo\/image\/"},"sameAs":["https:\/\/www.facebook.com\/autigrevanille","https:\/\/www.instagram.com\/autigrevanille","https:\/\/www.linkedin.com\/company\/autigrevanille\/"]}]}},"_links":{"self":[{"href":"https:\/\/www.autigrevanille.ch\/fr\/wp-json\/wp\/v2\/destination\/17070"}],"collection":[{"href":"https:\/\/www.autigrevanille.ch\/fr\/wp-json\/wp\/v2\/destination"}],"about":[{"href":"https:\/\/www.autigrevanille.ch\/fr\/wp-json\/wp\/v2\/types\/destination"}],"version-history":[{"count":2,"href":"https:\/\/www.autigrevanille.ch\/fr\/wp-json\/wp\/v2\/destination\/17070\/revisions"}],"predecessor-version":[{"id":55822,"href":"https:\/\/www.autigrevanille.ch\/fr\/wp-json\/wp\/v2\/destination\/17070\/revisions\/55822"}],"wp:featuredmedia":[{"embeddable":true,"href":"https:\/\/www.autigrevanille.ch\/fr\/wp-json\/wp\/v2\/media\/16991"}],"wp:attachment":[{"href":"https:\/\/www.autigrevanille.ch\/fr\/wp-json\/wp\/v2\/media?parent=17070"}],"wp:term":[{"taxonomy":"category","embeddable":true,"href":"https:\/\/www.autigrevanille.ch\/fr\/wp-json\/wp\/v2\/categories?post=17070"},{"taxonomy":"tag_pays","embeddable":true,"href":"https:\/\/www.autigrevanille.ch\/fr\/wp-json\/wp\/v2\/tag_pays?post=17070"}],"curies":[{"name":"wp","href":"https:\/\/api.w.org\/{rel}","templated":true}]}}