 {"id":62379,"date":"2024-11-06T12:25:44","date_gmt":"2024-11-06T11:25:44","guid":{"rendered":"https:\/\/www.autigrevanille.ch\/fr\/?post_type=destination&#038;p=62379"},"modified":"2024-11-07T11:34:07","modified_gmt":"2024-11-07T10:34:07","slug":"rabat","status":"publish","type":"destination","link":"https:\/\/www.autigrevanille.ch\/fr\/destination\/maroc\/rabat\/","title":{"rendered":"Rabat"},"content":{"rendered":"<div class=\"wpb-content-wrapper\"><p>[vc_row css=\".vc_custom_1549893038250{background-position: center !important;background-repeat: no-repeat !important;background-size: cover !important;}\" el_id=\"SM_etape_bandeau_superieur\"][vc_column css_animation=\"fadeIn\" el_class=\"PaysColonneLieux\" css=\".vc_custom_1539181599198{padding-top: 20px !important;}\"][vc_acf field_group=\"873\" align=\"center\" field_from_873=\"field_5b96526044f42\" el_class=\"PaysLieuxTitrePays\"][vc_custom_heading source=\"post_title\" font_container=\"tag:h1|font_size:50px|text_align:center|color:%23000000\" google_fonts=\"font_family:Raleway%3A100%2C200%2C300%2Cregular%2C500%2C600%2C700%2C800%2C900|font_style:100%20light%20regular%3A100%3Anormal\" css=\".vc_custom_1579617830190{margin-top: 20px !important;}\" el_class=\"titreLieu\"][vc_custom_heading text=\"La capitale\" font_container=\"tag:h3|font_size:18px|text_align:center|color:%23ffffff\" google_fonts=\"font_family:Raleway%3A100%2C200%2C300%2Cregular%2C500%2C600%2C700%2C800%2C900|font_style:100%20light%20regular%3A100%3Anormal\" css=\".vc_custom_1730905140873{margin-top: 20px !important;}\" el_class=\"soustitreLieu\"][\/vc_column][\/vc_row][vc_row content_placement=\"middle\" el_id=\"headerMenuLieux\" css=\".vc_custom_1534859681657{background-image: url(https:\/\/www.autigrevanille.ch\/wp-content\/uploads\/2018\/08\/fondtabsmenu.jpg?id=622) !important;background-position: center !important;background-repeat: no-repeat !important;background-size: cover !important;}\"][vc_column css=\".vc_custom_1534859675161{padding-top: 15px !important;}\"][vc_wp_custommenu nav_menu=\"96\" el_id=\"menuLieux\"][\/vc_column][\/vc_row][vc_row el_id=\"etape\" css=\".vc_custom_1554300296880{padding-top: 60px !important;}\" el_class=\"LieuxInnerColumn\"][vc_column][vc_text_separator title=\"\u00c9TAPE\" color=\"custom\" style=\"double\" accent_color=\"#aa956d\" el_class=\"titreSeparateur\"][vc_empty_space height=\"34px\" el_class=\"hidden-xs\"][\/vc_column][\/vc_row][vc_row el_class=\"lieuxRow LieuxInnerColumn\"][vc_column][vc_row_inner][vc_column_inner el_class=\"overlapImageGauche overlapImageGaucheFeatured\" width=\"3\/5\" css=\".vc_custom_1560241701490{padding-right: 0px !important;padding-left: 0px !important;}\"][vc_raw_html el_class=\"featured\"]JTVCZmVhdHVyZWQlNUQ=[\/vc_raw_html][\/vc_column_inner][vc_column_inner el_class=\"overlapTextDroite\" width=\"2\/5\" css=\".vc_custom_1558358696848{padding-top: 15px !important;background-color: #ffffff !important;}\"][vc_custom_heading text=\"La capitale\" font_container=\"tag:h3|font_size:22|text_align:left|color:%23000000\" google_fonts=\"font_family:Raleway%3A100%2C200%2C300%2Cregular%2C500%2C600%2C700%2C800%2C900|font_style:500%20bold%20regular%3A500%3Anormal\" css_animation=\"none\" css=\".vc_custom_1730905161842{margin-top: 0px !important;}\"][vc_raw_html]JTVCdGhlX2V4Y2VycHQlNUQ=[\/vc_raw_html][\/vc_column_inner][\/vc_row_inner][\/vc_column][\/vc_row][vc_row el_id=\"activite\" css=\".vc_custom_1565108057543{padding-top: 60px !important;}\" el_class=\"LieuxInnerColumn\"][vc_column][vc_text_separator title=\"ACTIVIT\u00c9S\" color=\"custom\" style=\"double\" accent_color=\"#aa956d\" el_class=\"titreSeparateur\"][vc_empty_space height=\"34px\" el_class=\"hidden-xs\"][\/vc_column][\/vc_row][vc_row el_class=\"LieuxInnerColumn\"][vc_column][vc_row_inner][vc_column_inner el_class=\"overlapImageGauche\" width=\"1\/2\" css=\".vc_custom_1560957546728{padding-right: 0px !important;padding-left: 0px !important;}\"][vc_single_image image=\"62436\" img_size=\"medium\" alignment=\"center\" css=\".vc_custom_1730975635185{padding-right: 0px !important;padding-left: 0px !important;}\"][\/vc_column_inner][vc_column_inner el_class=\"overlapTextDroite\" width=\"1\/2\" css=\".vc_custom_1560957554800{padding-top: 15px !important;background-color: #ffffff !important;}\"][vc_custom_heading text=\"Un zoom sur le Mausol\u00e9e Mohammed V\" font_container=\"tag:h3|font_size:22|text_align:left|color:%23000000\" google_fonts=\"font_family:Raleway%3A100%2C200%2C300%2Cregular%2C500%2C600%2C700%2C800%2C900|font_style:500%20bold%20regular%3A500%3Anormal\" css=\".vc_custom_1730905184938{margin-top: 0px !important;}\"][vc_column_text css=\"\"]Achev\u00e9 en 1971, ce mausol\u00e9e abrite les tombes du roi Mohammed V, consid\u00e9r\u00e9 comme le p\u00e8re de l'ind\u00e9pendance marocaine, ainsi que de ses fils, le roi Hassan II et le prince Moulay Abdallah. Le mausol\u00e9e se trouve \u00e0 c\u00f4t\u00e9 de la Tour Hassan, une autre structure historique inachev\u00e9e, qui devait devenir le plus grand minaret du monde au XIIe si\u00e8cle.[\/vc_column_text][\/vc_column_inner][\/vc_row_inner][vc_empty_space height=\"34px\" el_class=\"hidden-sm hidden-xs\"][\/vc_column][\/vc_row][vc_row disable_element=\"yes\" css=\".vc_custom_1728028558934{padding-top: 15px !important;}\" el_class=\"LieuxInnerColumn\"][vc_column][vc_basic_grid post_type=\"ids\" element_width=\"12\" item=\"1327\" initial_loading_animation=\"none\" grid_id=\"vc_gid:1730975520743-a0580f28-69f2-1\" include=\"134\"][\/vc_column][\/vc_row][vc_row el_class=\"LieuxInnerColumn\"][vc_column][vc_row_inner el_class=\"inversion-column\"][vc_column_inner el_class=\"overlapTextGauche\" width=\"1\/2\" css=\".vc_custom_1537347588154{padding-top: 15px !important;background-color: #ffffff !important;}\"][vc_custom_heading text=\"La Kasbah des Oudayas\" font_container=\"tag:h3|font_size:22|text_align:left|color:%23000000\" google_fonts=\"font_family:Raleway%3A100%2C200%2C300%2Cregular%2C500%2C600%2C700%2C800%2C900|font_style:500%20bold%20regular%3A500%3Anormal\" css=\".vc_custom_1730905663601{margin-top: 0px !important;}\"][vc_column_text css=\"\"]<\/p>\n<p>Le lac parfois ass\u00e9ch\u00e9 d'Arco est une oasis situ\u00e9e au milieu du d\u00e9sert. Il est \u00e9galement renomm\u00e9 pour ses arches naturellement creus\u00e9es dans la roche.<\/p>\n<p>[\/vc_column_text][\/vc_column_inner][vc_column_inner el_class=\"overlapImageDroite\" width=\"1\/2\" css=\".vc_custom_1537347853545{padding-right: 0px !important;padding-left: 0px !important;}\"][vc_single_image image=\"62420\" img_size=\"medium\" alignment=\"center\" css=\".vc_custom_1730905618853{padding-right: 0px !important;padding-left: 0px !important;}\"][\/vc_column_inner][\/vc_row_inner][vc_empty_space height=\"34px\" el_class=\"hidden-sm hidden-xs\"][\/vc_column][\/vc_row][vc_row el_class=\"LieuxInnerColumn\"][vc_column][vc_row_inner][vc_column_inner el_class=\"overlapImageGauche\" width=\"1\/2\" css=\".vc_custom_1560957546728{padding-right: 0px !important;padding-left: 0px !important;}\"][vc_single_image image=\"62421\" img_size=\"medium\" alignment=\"center\" css=\".vc_custom_1730905816887{padding-right: 0px !important;padding-left: 0px !important;}\"][\/vc_column_inner][vc_column_inner el_class=\"overlapTextDroite\" width=\"1\/2\" css=\".vc_custom_1560957554800{padding-top: 15px !important;background-color: #ffffff !important;}\"][vc_custom_heading text=\"L\u2019Art moderne et contemporain\" font_container=\"tag:h3|font_size:22|text_align:left|color:%23000000\" google_fonts=\"font_family:Raleway%3A100%2C200%2C300%2Cregular%2C500%2C600%2C700%2C800%2C900|font_style:500%20bold%20regular%3A500%3Anormal\" css=\".vc_custom_1730905688991{margin-top: 0px !important;}\"][vc_column_text css=\"\"]Le mus\u00e9e d'art moderne et contemporain Mohammed VI c\u00e9l\u00e8bre cette ann\u00e9e une d\u00e9cennie d'existence. En seulement dix ans, il s'est impos\u00e9 comme l'un des piliers de la sc\u00e8ne artistique marocaine et un espace de dialogue entre tradition et modernit\u00e9. Sa collection permanente met en lumi\u00e8re la richesse et la diversit\u00e9 de l'art marocain \u00e0 travers plus de 200 \u0153uvres.[\/vc_column_text][\/vc_column_inner][\/vc_row_inner][vc_empty_space height=\"34px\" el_class=\"hidden-sm hidden-xs\"][\/vc_column][\/vc_row][vc_row disable_element=\"yes\" el_class=\"LieuxInnerColumn\"][vc_column][vc_row_inner el_class=\"inversion-column\"][vc_column_inner el_class=\"overlapTextGauche\" width=\"1\/2\" css=\".vc_custom_1537347588154{padding-top: 15px !important;background-color: #ffffff !important;}\"][vc_custom_heading text=\"Foz do Cunene\" font_container=\"tag:h3|font_size:22|text_align:left|color:%23000000\" google_fonts=\"font_family:Raleway%3A100%2C200%2C300%2Cregular%2C500%2C600%2C700%2C800%2C900|font_style:500%20bold%20regular%3A500%3Anormal\" css=\".vc_custom_1728392619829{margin-top: 0px !important;}\"][vc_column_text css=\"\"]Piste mythique entre dunes et oc\u00e9an afin de remonter jusqu'\u00e0 la source de la rivi\u00e8re Cunene.[\/vc_column_text][\/vc_column_inner][vc_column_inner el_class=\"overlapImageDroite\" width=\"1\/2\" css=\".vc_custom_1537347853545{padding-right: 0px !important;padding-left: 0px !important;}\"][vc_single_image image=\"62096\" img_size=\"medium\" alignment=\"center\" css=\".vc_custom_1728402807979{padding-right: 0px !important;padding-left: 0px !important;}\"][\/vc_column_inner][\/vc_row_inner][\/vc_column][\/vc_row][vc_row disable_element=\"yes\" el_class=\"LieuxInnerColumn\"][vc_column][vc_row_inner][vc_column_inner el_class=\"overlapImageGauche\" width=\"1\/2\" css=\".vc_custom_1560957546728{padding-right: 0px !important;padding-left: 0px !important;}\"][vc_single_image image=\"62058\" img_size=\"medium\" alignment=\"center\" css=\".vc_custom_1728392414463{padding-right: 0px !important;padding-left: 0px !important;}\"][\/vc_column_inner][vc_column_inner el_class=\"overlapTextDroite\" width=\"1\/2\" css=\".vc_custom_1560957554800{padding-top: 15px !important;background-color: #ffffff !important;}\"][vc_custom_heading text=\"Canyon de Curoca\" font_container=\"tag:h3|font_size:22|text_align:left|color:%23000000\" google_fonts=\"font_family:Raleway%3A100%2C200%2C300%2Cregular%2C500%2C600%2C700%2C800%2C900|font_style:500%20bold%20regular%3A500%3Anormal\" css=\".vc_custom_1729517397593{margin-top: 0px !important;}\"][vc_column_text css=\"\"]Ce canyon offre de multiples possibilit\u00e9s de randonn\u00e9es au c\u0153ur d'un paysage photog\u00e9nique.[\/vc_column_text][\/vc_column_inner][\/vc_row_inner][vc_empty_space height=\"34px\" el_class=\"hidden-sm hidden-xs\"][\/vc_column][\/vc_row][vc_row el_id=\"hebergement\" css=\".vc_custom_1730905865577{padding-top: 60px !important;}\" el_class=\"LieuxInnerColumn\"][vc_column][vc_text_separator title=\"H\u00c9BERGEMENTS\" color=\"custom\" style=\"double\" accent_color=\"#aa956d\" el_class=\"titreSeparateur\"][vc_empty_space height=\"34px\" el_class=\"hidden-xs\"][\/vc_column][\/vc_row][vc_row full_width=\"stretch_row\" el_class=\"LieuxInnerColumn\"][vc_column][vc_row_inner][vc_column_inner el_class=\"overlapImageGauche\" width=\"3\/5\" css=\".vc_custom_1537348435725{padding-right: 0px !important;padding-left: 0px !important;}\"][vc_gallery interval=\"3\" images=\"62422\" img_size=\"medium\" css=\"\"][\/vc_column_inner][vc_column_inner el_class=\"overlapTextDroite\" width=\"2\/5\" css=\".vc_custom_1558359448488{padding-top: 15px !important;background-color: #ffffff !important;}\"][vc_custom_heading text=\"Fairmont La Marina Rabat Sale\" font_container=\"tag:h3|font_size:22|text_align:left|color:%23000000\" google_fonts=\"font_family:Raleway%3A100%2C200%2C300%2Cregular%2C500%2C600%2C700%2C800%2C900|font_style:500%20bold%20regular%3A500%3Anormal\" css=\".vc_custom_1730905912414{margin-top: 0px !important;}\"][vc_column_text css=\"\"]Le Fairmont La Marina Rabat-Sal\u00e9, avec ses 186 chambres et suites \u00e9l\u00e9gantes, offre un cadre raffin\u00e9 au c\u0153ur de la r\u00e9gion c\u00f4ti\u00e8re. Ses int\u00e9rieurs, inspir\u00e9s par le patrimoine nautique local, cr\u00e9ent une ambiance chaleureuse et accueillante. L'h\u00f4tel propose \u00e9galement un spa, une piscine \u00e0 d\u00e9bordement et une offre gastronomique vari\u00e9e.[\/vc_column_text][\/vc_column_inner][\/vc_row_inner][vc_empty_space height=\"34px\" el_class=\"hidden-xs\"][vc_row_inner disable_element=\"yes\" el_class=\"inversion-column\"][vc_column_inner el_class=\"overlapTextGauche\" width=\"2\/5\" css=\".vc_custom_1558359547206{padding-top: 15px !important;background-color: #ffffff !important;}\"][vc_custom_heading text=\"Texte\" font_container=\"tag:h3|font_size:22|text_align:left|color:%23000000\" google_fonts=\"font_family:Raleway%3A100%2C200%2C300%2Cregular%2C500%2C600%2C700%2C800%2C900|font_style:500%20bold%20regular%3A500%3Anormal\" css=\".vc_custom_1579617781879{margin-top: 0px !important;}\"][vc_column_text]Texte[\/vc_column_text][\/vc_column_inner][vc_column_inner el_class=\"overlapImageDroite\" width=\"3\/5\" css=\".vc_custom_1537350087953{padding-right: 0px !important;padding-left: 0px !important;}\"][vc_gallery interval=\"3\" img_size=\"medium\"][\/vc_column_inner][\/vc_row_inner][vc_row_inner disable_element=\"yes\"][vc_column_inner el_class=\"overlapImageGauche\" width=\"3\/5\" css=\".vc_custom_1537348435725{padding-right: 0px !important;padding-left: 0px !important;}\"][vc_gallery interval=\"3\" img_size=\"medium\"][\/vc_column_inner][vc_column_inner el_class=\"overlapTextDroite\" width=\"2\/5\" css=\".vc_custom_1558359448488{padding-top: 15px !important;background-color: #ffffff !important;}\"][vc_custom_heading text=\"Texte\" font_container=\"tag:h3|font_size:22|text_align:left|color:%23000000\" google_fonts=\"font_family:Raleway%3A100%2C200%2C300%2Cregular%2C500%2C600%2C700%2C800%2C900|font_style:500%20bold%20regular%3A500%3Anormal\" css=\".vc_custom_1579617806771{margin-top: 0px !important;}\"][vc_column_text]Texte[\/vc_column_text][\/vc_column_inner][\/vc_row_inner][vc_row_inner disable_element=\"yes\" el_class=\"inversion-column\"][vc_column_inner el_class=\"overlapTextGauche\" width=\"2\/5\" css=\".vc_custom_1558359547206{padding-top: 15px !important;background-color: #ffffff !important;}\"][vc_custom_heading text=\"Texte\" font_container=\"tag:h3|font_size:22|text_align:left|color:%23000000\" google_fonts=\"font_family:Raleway%3A100%2C200%2C300%2Cregular%2C500%2C600%2C700%2C800%2C900|font_style:500%20bold%20regular%3A500%3Anormal\" css=\".vc_custom_1579617781879{margin-top: 0px !important;}\"][vc_column_text]Texte[\/vc_column_text][\/vc_column_inner][vc_column_inner el_class=\"overlapImageDroite\" width=\"3\/5\" css=\".vc_custom_1537350087953{padding-right: 0px !important;padding-left: 0px !important;}\"][vc_gallery interval=\"3\" img_size=\"medium\"][\/vc_column_inner][\/vc_row_inner][\/vc_column][\/vc_row][vc_row][vc_column][\/vc_column][\/vc_row]<\/p>\n<\/div>","protected":false},"excerpt":{"rendered":"<p>Rabat s&rsquo;impose comme une v\u00e9ritable symphonie d&rsquo;histoire et de modernit\u00e9, souvent surnomm\u00e9e \u00ab la Ville Blanche \u00bb en raison de ses fa\u00e7ades aux teintes \u00e9clatantes. Ce joyau m\u00e9diterran\u00e9en se distingue par ses monuments embl\u00e9matiques, tels que la majestueuse tour Hassan, vestige inachev\u00e9 d&rsquo;une mosqu\u00e9e du XIIe si\u00e8cle, et le mausol\u00e9e de Mohammed V, qui allie architecture moderne et influences traditionnelles. Fl\u00e2ner dans la m\u00e9dina de Rabat permet d&rsquo;explorer un labyrinthe de ruelles \u00e9troites, d&rsquo;artisans talentueux et de maisons blanchies \u00e0 la chaux.<\/p>\n","protected":false},"featured_media":62380,"parent":0,"menu_order":101,"template":"","categories":[],"tag_pays":[186],"acf":[],"yoast_head":"<!-- This site is optimized with the Yoast SEO plugin v21.5 - https:\/\/yoast.com\/wordpress\/plugins\/seo\/ -->\n<title>Rabat, \u00e9tape incontournable de votre voyage<\/title>\n<meta name=\"description\" content=\"Rabat : pr\u00e9parons ensemble un voyage 100% sur mesure en accord avec vos envies\" \/>\n<meta name=\"robots\" content=\"index, follow, max-snippet:-1, max-image-preview:large, max-video-preview:-1\" \/>\n<link rel=\"canonical\" href=\"https:\/\/www.autigrevanille.ch\/fr\/destination\/maroc\/rabat\/\" \/>\n<meta property=\"og:locale\" content=\"fr_FR\" \/>\n<meta property=\"og:type\" content=\"article\" \/>\n<meta property=\"og:title\" content=\"Rabat, \u00e9tape incontournable de votre voyage\" \/>\n<meta property=\"og:description\" content=\"Rabat : pr\u00e9parons ensemble un voyage 100% sur mesure en accord avec vos envies\" \/>\n<meta property=\"og:url\" content=\"https:\/\/www.autigrevanille.ch\/fr\/destination\/maroc\/rabat\/\" \/>\n<meta property=\"og:site_name\" content=\"Au Tigre Vanill\u00e9, agence de voyages sur mesure\" \/>\n<meta property=\"article:publisher\" content=\"https:\/\/www.facebook.com\/autigrevanille\" \/>\n<meta property=\"article:modified_time\" content=\"2024-11-07T10:34:07+00:00\" \/>\n<meta property=\"og:image\" content=\"https:\/\/www.autigrevanille.ch\/wp-content\/uploads\/2024\/11\/rabat-maroc-hassan.jpg\" \/>\n\t<meta property=\"og:image:width\" content=\"975\" \/>\n\t<meta property=\"og:image:height\" content=\"650\" \/>\n\t<meta property=\"og:image:type\" content=\"image\/jpeg\" \/>\n<meta name=\"twitter:card\" content=\"summary_large_image\" \/>\n<script type=\"application\/ld+json\" class=\"yoast-schema-graph\">{\"@context\":\"https:\/\/schema.org\",\"@graph\":[{\"@type\":\"WebPage\",\"@id\":\"https:\/\/www.autigrevanille.ch\/fr\/destination\/maroc\/rabat\/\",\"url\":\"https:\/\/www.autigrevanille.ch\/fr\/destination\/maroc\/rabat\/\",\"name\":\"Rabat, \u00e9tape incontournable de votre voyage\",\"isPartOf\":{\"@id\":\"https:\/\/www.autigrevanille.ch\/fr\/#website\"},\"datePublished\":\"2024-11-06T11:25:44+00:00\",\"dateModified\":\"2024-11-07T10:34:07+00:00\",\"description\":\"Rabat : pr\u00e9parons ensemble un voyage 100% sur mesure en accord avec vos envies\",\"breadcrumb\":{\"@id\":\"https:\/\/www.autigrevanille.ch\/fr\/destination\/maroc\/rabat\/#breadcrumb\"},\"inLanguage\":\"fr-FR\",\"potentialAction\":[{\"@type\":\"ReadAction\",\"target\":[\"https:\/\/www.autigrevanille.ch\/fr\/destination\/maroc\/rabat\/\"]}]},{\"@type\":\"BreadcrumbList\",\"@id\":\"https:\/\/www.autigrevanille.ch\/fr\/destination\/maroc\/rabat\/#breadcrumb\",\"itemListElement\":[{\"@type\":\"ListItem\",\"position\":1,\"name\":\"Accueil\",\"item\":\"https:\/\/www.autigrevanille.ch\/fr\/\"},{\"@type\":\"ListItem\",\"position\":2,\"name\":\"\u00c9tapes phares\",\"item\":\"https:\/\/www.autigrevanille.ch\/fr\/destination\/\"},{\"@type\":\"ListItem\",\"position\":3,\"name\":\"Rabat\"}]},{\"@type\":\"WebSite\",\"@id\":\"https:\/\/www.autigrevanille.ch\/fr\/#website\",\"url\":\"https:\/\/www.autigrevanille.ch\/fr\/\",\"name\":\"Au Tigre Vanill\u00e9, agence de voyages sur mesure\",\"description\":\"Agence de voyages d&#039;exception et sur mesure\",\"publisher\":{\"@id\":\"https:\/\/www.autigrevanille.ch\/fr\/#organization\"},\"potentialAction\":[{\"@type\":\"SearchAction\",\"target\":{\"@type\":\"EntryPoint\",\"urlTemplate\":\"https:\/\/www.autigrevanille.ch\/fr\/?s={search_term_string}\"},\"query-input\":\"required name=search_term_string\"}],\"inLanguage\":\"fr-FR\"},{\"@type\":\"Organization\",\"@id\":\"https:\/\/www.autigrevanille.ch\/fr\/#organization\",\"name\":\"Au Tigre Vanill\u00e9\",\"url\":\"https:\/\/www.autigrevanille.ch\/fr\/\",\"logo\":{\"@type\":\"ImageObject\",\"inLanguage\":\"fr-FR\",\"@id\":\"https:\/\/www.autigrevanille.ch\/fr\/#\/schema\/logo\/image\/\",\"url\":\"https:\/\/www.autigrevanille.ch\/wp-content\/uploads\/2018\/08\/Logo_ATV_300x276.png\",\"contentUrl\":\"https:\/\/www.autigrevanille.ch\/wp-content\/uploads\/2018\/08\/Logo_ATV_300x276.png\",\"width\":300,\"height\":276,\"caption\":\"Au Tigre Vanill\u00e9\"},\"image\":{\"@id\":\"https:\/\/www.autigrevanille.ch\/fr\/#\/schema\/logo\/image\/\"},\"sameAs\":[\"https:\/\/www.facebook.com\/autigrevanille\",\"https:\/\/www.instagram.com\/autigrevanille\",\"https:\/\/www.linkedin.com\/company\/autigrevanille\/\"]}]}<\/script>\n<!-- \/ Yoast SEO plugin. -->","yoast_head_json":{"title":"Rabat, \u00e9tape incontournable de votre voyage","description":"Rabat : pr\u00e9parons ensemble un voyage 100% sur mesure en accord avec vos envies","robots":{"index":"index","follow":"follow","max-snippet":"max-snippet:-1","max-image-preview":"max-image-preview:large","max-video-preview":"max-video-preview:-1"},"canonical":"https:\/\/www.autigrevanille.ch\/fr\/destination\/maroc\/rabat\/","og_locale":"fr_FR","og_type":"article","og_title":"Rabat, \u00e9tape incontournable de votre voyage","og_description":"Rabat : pr\u00e9parons ensemble un voyage 100% sur mesure en accord avec vos envies","og_url":"https:\/\/www.autigrevanille.ch\/fr\/destination\/maroc\/rabat\/","og_site_name":"Au Tigre Vanill\u00e9, agence de voyages sur mesure","article_publisher":"https:\/\/www.facebook.com\/autigrevanille","article_modified_time":"2024-11-07T10:34:07+00:00","og_image":[{"width":975,"height":650,"url":"https:\/\/www.autigrevanille.ch\/wp-content\/uploads\/2024\/11\/rabat-maroc-hassan.jpg","type":"image\/jpeg"}],"twitter_card":"summary_large_image","schema":{"@context":"https:\/\/schema.org","@graph":[{"@type":"WebPage","@id":"https:\/\/www.autigrevanille.ch\/fr\/destination\/maroc\/rabat\/","url":"https:\/\/www.autigrevanille.ch\/fr\/destination\/maroc\/rabat\/","name":"Rabat, \u00e9tape incontournable de votre voyage","isPartOf":{"@id":"https:\/\/www.autigrevanille.ch\/fr\/#website"},"datePublished":"2024-11-06T11:25:44+00:00","dateModified":"2024-11-07T10:34:07+00:00","description":"Rabat : pr\u00e9parons ensemble un voyage 100% sur mesure en accord avec vos envies","breadcrumb":{"@id":"https:\/\/www.autigrevanille.ch\/fr\/destination\/maroc\/rabat\/#breadcrumb"},"inLanguage":"fr-FR","potentialAction":[{"@type":"ReadAction","target":["https:\/\/www.autigrevanille.ch\/fr\/destination\/maroc\/rabat\/"]}]},{"@type":"BreadcrumbList","@id":"https:\/\/www.autigrevanille.ch\/fr\/destination\/maroc\/rabat\/#breadcrumb","itemListElement":[{"@type":"ListItem","position":1,"name":"Accueil","item":"https:\/\/www.autigrevanille.ch\/fr\/"},{"@type":"ListItem","position":2,"name":"\u00c9tapes phares","item":"https:\/\/www.autigrevanille.ch\/fr\/destination\/"},{"@type":"ListItem","position":3,"name":"Rabat"}]},{"@type":"WebSite","@id":"https:\/\/www.autigrevanille.ch\/fr\/#website","url":"https:\/\/www.autigrevanille.ch\/fr\/","name":"Au Tigre Vanill\u00e9, agence de voyages sur mesure","description":"Agence de voyages d&#039;exception et sur mesure","publisher":{"@id":"https:\/\/www.autigrevanille.ch\/fr\/#organization"},"potentialAction":[{"@type":"SearchAction","target":{"@type":"EntryPoint","urlTemplate":"https:\/\/www.autigrevanille.ch\/fr\/?s={search_term_string}"},"query-input":"required name=search_term_string"}],"inLanguage":"fr-FR"},{"@type":"Organization","@id":"https:\/\/www.autigrevanille.ch\/fr\/#organization","name":"Au Tigre Vanill\u00e9","url":"https:\/\/www.autigrevanille.ch\/fr\/","logo":{"@type":"ImageObject","inLanguage":"fr-FR","@id":"https:\/\/www.autigrevanille.ch\/fr\/#\/schema\/logo\/image\/","url":"https:\/\/www.autigrevanille.ch\/wp-content\/uploads\/2018\/08\/Logo_ATV_300x276.png","contentUrl":"https:\/\/www.autigrevanille.ch\/wp-content\/uploads\/2018\/08\/Logo_ATV_300x276.png","width":300,"height":276,"caption":"Au Tigre Vanill\u00e9"},"image":{"@id":"https:\/\/www.autigrevanille.ch\/fr\/#\/schema\/logo\/image\/"},"sameAs":["https:\/\/www.facebook.com\/autigrevanille","https:\/\/www.instagram.com\/autigrevanille","https:\/\/www.linkedin.com\/company\/autigrevanille\/"]}]}},"_links":{"self":[{"href":"https:\/\/www.autigrevanille.ch\/fr\/wp-json\/wp\/v2\/destination\/62379"}],"collection":[{"href":"https:\/\/www.autigrevanille.ch\/fr\/wp-json\/wp\/v2\/destination"}],"about":[{"href":"https:\/\/www.autigrevanille.ch\/fr\/wp-json\/wp\/v2\/types\/destination"}],"version-history":[{"count":4,"href":"https:\/\/www.autigrevanille.ch\/fr\/wp-json\/wp\/v2\/destination\/62379\/revisions"}],"predecessor-version":[{"id":62437,"href":"https:\/\/www.autigrevanille.ch\/fr\/wp-json\/wp\/v2\/destination\/62379\/revisions\/62437"}],"wp:featuredmedia":[{"embeddable":true,"href":"https:\/\/www.autigrevanille.ch\/fr\/wp-json\/wp\/v2\/media\/62380"}],"wp:attachment":[{"href":"https:\/\/www.autigrevanille.ch\/fr\/wp-json\/wp\/v2\/media?parent=62379"}],"wp:term":[{"taxonomy":"category","embeddable":true,"href":"https:\/\/www.autigrevanille.ch\/fr\/wp-json\/wp\/v2\/categories?post=62379"},{"taxonomy":"tag_pays","embeddable":true,"href":"https:\/\/www.autigrevanille.ch\/fr\/wp-json\/wp\/v2\/tag_pays?post=62379"}],"curies":[{"name":"wp","href":"https:\/\/api.w.org\/{rel}","templated":true}]}}