 {"id":18190,"date":"2022-05-19T11:59:11","date_gmt":"2022-05-19T09:59:11","guid":{"rendered":"http:\/\/aiwhrmpx.preview.infomaniak.website\/NewDev\/?page_id=18190"},"modified":"2022-09-21T15:16:06","modified_gmt":"2022-09-21T13:16:06","slug":"covid19-destinations","status":"publish","type":"page","link":"https:\/\/www.autigrevanille.ch\/fr\/covid19-destinations\/","title":{"rendered":"O\u00f9 voyager en temps de covid ?"},"content":{"rendered":"<div class=\"wpb-content-wrapper\"><p>[vc_row equal_height=\"yes\" content_placement=\"middle\" parallax=\"content-moving-fade\" parallax_image=\"2106\" css_animation=\"none\" css=\".vc_custom_1546272850977{margin-top: 0px !important;margin-right: 0px !important;margin-bottom: 0px !important;margin-left: 0px !important;border-bottom-width: 0px !important;padding-right: 0px !important;padding-left: 0px !important;background-position: 0 0;background-repeat:-repeat !important;}\"][vc_column el_class=\"PaysEnteteImageTitre\" css=\".vc_custom_1542962635230{padding-right: 0px !important;padding-left: 0px !important;}\"][vc_raw_html]JTNDaDElMjBjbGFzcyUzRCUyMlBheXNUaXRyZVByaW5jaXBhbGUlMjIlM0VPJUMzJUI5JTIwdm95YWdlciUyMGVuJTIwdGVtcHMlMjBkZSUyMENvdmlkJTIwJTNGJTNDJTJGaDElM0U=[\/vc_raw_html][vc_empty_space][\/vc_column][\/vc_row][vc_row css_animation=\"none\" css=\".vc_custom_1614605696211{padding-top: 32px !important;padding-bottom: 32px !important;background-color: #f5f1e7 !important;}\"][vc_column css=\".vc_custom_1612170691944{padding-right: 10% !important;padding-left: 10% !important;}\"][vc_row_inner][vc_column_inner][vc_single_image image=\"20580\" img_size=\"large\" alignment=\"center\" css=\".vc_custom_1637141757762{padding-bottom: 20px !important;}\"][\/vc_column_inner][\/vc_row_inner][vc_row_inner][vc_column_inner width=\"1\/2\"][vc_column_text]<\/p>\n<h2><strong>Voyager aujourd'hui<\/strong><\/h2>\n<p>Malgr\u00e9 la pand\u00e9mie de Covid, plusieurs destinations restent ouvertes et vous offrent des conditions de voyage rarement vues, avec des fr\u00e9quentations plus faibles sur les sites visit\u00e9s.<\/p>\n<p>Vous vous demandez o\u00f9 partir ? Quelles sont les pays accessibles avec ou sans test PCR, avec ou sans vaccination ? Nous avons r\u00e9capitul\u00e9 dans le tableau ci-dessous les conditions d\u2019entr\u00e9e qui s\u2019appliquent \u00e0 nos destinations.<\/p>\n<p><u>Toutefois, l\u2019\u00e9volution constante de la situation ne garantit pas une exactitude en temps r\u00e9el<\/u>.[\/vc_column_text][\/vc_column_inner][vc_column_inner width=\"1\/2\"][vc_column_text]<\/p>\n<h2><strong>Conditions de retour en Suisse compl\u00e8tement lev\u00e9es \u00e0 partir du 17 f\u00e9vrier 2022<br \/>\n<\/strong><\/h2>\n<p>Les mesures sanitaires appliqu\u00e9es aux fronti\u00e8res suisses ont \u00e9t\u00e9 compl\u00e8tement lev\u00e9es. Il n'est donc plus n\u00e9cessaire de pr\u00e9senter un formulaire, un test ou un certificat au retour en Suisse (plus de renseignements sur le <a href=\"https:\/\/www.bag.admin.ch\/bag\/fr\/home\/das-bag\/aktuell\/medienmitteilungen.msg-id-87216.html\">site de la Conf\u00e9d\u00e9ration<\/a>).<\/p>\n<p><em>Derni\u00e8re mise \u00e0 jour : 31 mai 2022 (<strong>! Attention ! cette page n'est plus mise \u00e0 jour<\/strong>)<br \/>\n<\/em><\/p>\n<p>[\/vc_column_text][\/vc_column_inner][\/vc_row_inner][\/vc_column][\/vc_row][vc_row el_class=\"container-covid\"][vc_column][vc_raw_html]JTVCd3B2LXZpZXclMjBuYW1lJTNEJTIyY292aWQtdnVlLXZhY2NpbmVzLWV0LW5vbi12YWNjaW5lcyUyMiU1RA==[\/vc_raw_html][\/vc_column][\/vc_row][vc_row css=\".vc_custom_1546526955876{margin-top: 0px !important;margin-right: 0px !important;margin-bottom: 0px !important;margin-left: 0px !important;padding-top: 0px !important;padding-right: 0px !important;padding-bottom: 0px !important;padding-left: 0px !important;}\"][vc_column css=\".vc_custom_1546526980809{margin-top: 0px !important;margin-right: 0px !important;margin-bottom: 0px !important;margin-left: 0px !important;padding-top: 0px !important;padding-right: 0px !important;padding-bottom: 0px !important;padding-left: 0px !important;}\"][vc_raw_html css=\".vc_custom_1647334885380{margin-top: 0px !important;margin-right: 0px !important;margin-bottom: 0px !important;margin-left: 0px !important;padding-top: 0px !important;padding-right: 0px !important;padding-bottom: 0px !important;padding-left: 0px !important;}\"]JTVCd3B2LXBvc3QtYm9keSUyMHZpZXdfdGVtcGxhdGUlM0QlMjJmb290ZXItcmVwbGFjZW1lbnQtcmV1c2FibGVibG9ja3MlMjIlNUQ=[\/vc_raw_html][\/vc_column][\/vc_row]<\/p>\n<\/div>","protected":false},"excerpt":{"rendered":"<p>[vc_row equal_height=\u00a0\u00bbyes\u00a0\u00bb content_placement=\u00a0\u00bbmiddle\u00a0\u00bb parallax=\u00a0\u00bbcontent-moving-fade\u00a0\u00bb parallax_image=\u00a0\u00bb2106&Prime; css_animation=\u00a0\u00bbnone\u00a0\u00bb css=\u00a0\u00bb.vc_custom_1546272850977{margin-top: 0px !important;margin-right: 0px !important;margin-bottom: 0px !important;margin-left: 0px !important;border-bottom-width: 0px !important;padding-right: 0px !important;padding-left: 0px !important;background-position: 0 0;background-repeat:-repeat !important;}\u00a0\u00bb][vc_column el_class=\u00a0\u00bbPaysEnteteImageTitre\u00a0\u00bb css=\u00a0\u00bb.vc_custom_1542962635230{padding-right: 0px !important;padding-left: 0px !important;}\u00a0\u00bb][vc_raw_html]JTNDaDElMjBjbGFzcyUzRCUyMlBheXNUaXRyZVByaW5jaXBhbGUlMjIlM0VPJUMzJUI5JTIwdm95YWdlciUyMGVuJTIwdGVtcHMlMjBkZSUyMENvdmlkJTIwJTNGJTNDJTJGaDElM0U=[\/vc_raw_html][vc_empty_space][\/vc_column][\/vc_row][vc_row css_animation=\u00a0\u00bbnone\u00a0\u00bb css=\u00a0\u00bb.vc_custom_1614605696211{padding-top: 32px !important;padding-bottom: 32px !important;background-color: #f5f1e7 !important;}\u00a0\u00bb][vc_column css=\u00a0\u00bb.vc_custom_1612170691944{padding-right: 10% !important;padding-left: 10% !important;}\u00a0\u00bb][vc_row_inner][vc_column_inner][vc_single_image image=\u00a0\u00bb20580&Prime; img_size=\u00a0\u00bblarge\u00a0\u00bb alignment=\u00a0\u00bbcenter\u00a0\u00bb css=\u00a0\u00bb.vc_custom_1637141757762{padding-bottom: 20px !important;}\u00a0\u00bb][\/vc_column_inner][\/vc_row_inner][vc_row_inner][vc_column_inner width=\u00a0\u00bb1\/2&Prime;][vc_column_text] Voyager aujourd&rsquo;hui Malgr\u00e9 la pand\u00e9mie de Covid, plusieurs destinations restent [&hellip;]<\/p>\n","protected":false},"author":1,"featured_media":0,"parent":0,"menu_order":0,"comment_status":"closed","ping_status":"closed","template":"","meta":[],"acf":[],"yoast_head":"<!-- This site is optimized with the Yoast SEO plugin v21.5 - https:\/\/yoast.com\/wordpress\/plugins\/seo\/ -->\n<title>O\u00f9 voyager en temps de covid ? Quarantaines, fronti\u00e8res et tests PCR<\/title>\n<meta name=\"description\" content=\"Vous vous demandez o\u00f9 partir en temps de Covid ? Quelles sont les pays accessibles avec ou sans test PCR, avec ou sans vaccination ?\" \/>\n<meta name=\"robots\" content=\"index, follow, max-snippet:-1, max-image-preview:large, max-video-preview:-1\" \/>\n<link rel=\"canonical\" href=\"https:\/\/www.autigrevanille.ch\/fr\/covid19-destinations\/\" \/>\n<meta property=\"og:locale\" content=\"fr_FR\" \/>\n<meta property=\"og:type\" content=\"article\" \/>\n<meta property=\"og:title\" content=\"O\u00f9 voyager en temps de covid ? Quarantaines, fronti\u00e8res et tests PCR\" \/>\n<meta property=\"og:description\" content=\"Vous vous demandez o\u00f9 partir en temps de Covid ? Quelles sont les pays accessibles avec ou sans test PCR, avec ou sans vaccination ?\" \/>\n<meta property=\"og:url\" content=\"https:\/\/www.autigrevanille.ch\/fr\/covid19-destinations\/\" \/>\n<meta property=\"og:site_name\" content=\"Au Tigre Vanill\u00e9, agence de voyages sur mesure\" \/>\n<meta property=\"article:publisher\" content=\"https:\/\/www.facebook.com\/autigrevanille\" \/>\n<meta property=\"article:modified_time\" content=\"2022-09-21T13:16:06+00:00\" \/>\n<meta name=\"twitter:card\" content=\"summary_large_image\" \/>\n<script type=\"application\/ld+json\" class=\"yoast-schema-graph\">{\"@context\":\"https:\/\/schema.org\",\"@graph\":[{\"@type\":\"WebPage\",\"@id\":\"https:\/\/www.autigrevanille.ch\/fr\/covid19-destinations\/\",\"url\":\"https:\/\/www.autigrevanille.ch\/fr\/covid19-destinations\/\",\"name\":\"O\u00f9 voyager en temps de covid ? Quarantaines, fronti\u00e8res et tests PCR\",\"isPartOf\":{\"@id\":\"https:\/\/www.autigrevanille.ch\/fr\/#website\"},\"datePublished\":\"2022-05-19T09:59:11+00:00\",\"dateModified\":\"2022-09-21T13:16:06+00:00\",\"description\":\"Vous vous demandez o\u00f9 partir en temps de Covid ? Quelles sont les pays accessibles avec ou sans test PCR, avec ou sans vaccination ?\",\"breadcrumb\":{\"@id\":\"https:\/\/www.autigrevanille.ch\/fr\/covid19-destinations\/#breadcrumb\"},\"inLanguage\":\"fr-FR\",\"potentialAction\":[{\"@type\":\"ReadAction\",\"target\":[\"https:\/\/www.autigrevanille.ch\/fr\/covid19-destinations\/\"]}]},{\"@type\":\"BreadcrumbList\",\"@id\":\"https:\/\/www.autigrevanille.ch\/fr\/covid19-destinations\/#breadcrumb\",\"itemListElement\":[{\"@type\":\"ListItem\",\"position\":1,\"name\":\"Accueil\",\"item\":\"https:\/\/www.autigrevanille.ch\/fr\/\"},{\"@type\":\"ListItem\",\"position\":2,\"name\":\"O\u00f9 voyager en temps de covid ?\"}]},{\"@type\":\"WebSite\",\"@id\":\"https:\/\/www.autigrevanille.ch\/fr\/#website\",\"url\":\"https:\/\/www.autigrevanille.ch\/fr\/\",\"name\":\"Au Tigre Vanill\u00e9, agence de voyages sur mesure\",\"description\":\"Agence de voyages d&#039;exception et sur mesure\",\"publisher\":{\"@id\":\"https:\/\/www.autigrevanille.ch\/fr\/#organization\"},\"potentialAction\":[{\"@type\":\"SearchAction\",\"target\":{\"@type\":\"EntryPoint\",\"urlTemplate\":\"https:\/\/www.autigrevanille.ch\/fr\/?s={search_term_string}\"},\"query-input\":\"required name=search_term_string\"}],\"inLanguage\":\"fr-FR\"},{\"@type\":\"Organization\",\"@id\":\"https:\/\/www.autigrevanille.ch\/fr\/#organization\",\"name\":\"Au Tigre Vanill\u00e9\",\"url\":\"https:\/\/www.autigrevanille.ch\/fr\/\",\"logo\":{\"@type\":\"ImageObject\",\"inLanguage\":\"fr-FR\",\"@id\":\"https:\/\/www.autigrevanille.ch\/fr\/#\/schema\/logo\/image\/\",\"url\":\"https:\/\/www.autigrevanille.ch\/wp-content\/uploads\/2018\/08\/Logo_ATV_300x276.png\",\"contentUrl\":\"https:\/\/www.autigrevanille.ch\/wp-content\/uploads\/2018\/08\/Logo_ATV_300x276.png\",\"width\":300,\"height\":276,\"caption\":\"Au Tigre Vanill\u00e9\"},\"image\":{\"@id\":\"https:\/\/www.autigrevanille.ch\/fr\/#\/schema\/logo\/image\/\"},\"sameAs\":[\"https:\/\/www.facebook.com\/autigrevanille\",\"https:\/\/www.instagram.com\/autigrevanille\",\"https:\/\/www.linkedin.com\/company\/autigrevanille\/\"]}]}<\/script>\n<!-- \/ Yoast SEO plugin. -->","yoast_head_json":{"title":"O\u00f9 voyager en temps de covid ? Quarantaines, fronti\u00e8res et tests PCR","description":"Vous vous demandez o\u00f9 partir en temps de Covid ? Quelles sont les pays accessibles avec ou sans test PCR, avec ou sans vaccination ?","robots":{"index":"index","follow":"follow","max-snippet":"max-snippet:-1","max-image-preview":"max-image-preview:large","max-video-preview":"max-video-preview:-1"},"canonical":"https:\/\/www.autigrevanille.ch\/fr\/covid19-destinations\/","og_locale":"fr_FR","og_type":"article","og_title":"O\u00f9 voyager en temps de covid ? Quarantaines, fronti\u00e8res et tests PCR","og_description":"Vous vous demandez o\u00f9 partir en temps de Covid ? Quelles sont les pays accessibles avec ou sans test PCR, avec ou sans vaccination ?","og_url":"https:\/\/www.autigrevanille.ch\/fr\/covid19-destinations\/","og_site_name":"Au Tigre Vanill\u00e9, agence de voyages sur mesure","article_publisher":"https:\/\/www.facebook.com\/autigrevanille","article_modified_time":"2022-09-21T13:16:06+00:00","twitter_card":"summary_large_image","schema":{"@context":"https:\/\/schema.org","@graph":[{"@type":"WebPage","@id":"https:\/\/www.autigrevanille.ch\/fr\/covid19-destinations\/","url":"https:\/\/www.autigrevanille.ch\/fr\/covid19-destinations\/","name":"O\u00f9 voyager en temps de covid ? Quarantaines, fronti\u00e8res et tests PCR","isPartOf":{"@id":"https:\/\/www.autigrevanille.ch\/fr\/#website"},"datePublished":"2022-05-19T09:59:11+00:00","dateModified":"2022-09-21T13:16:06+00:00","description":"Vous vous demandez o\u00f9 partir en temps de Covid ? Quelles sont les pays accessibles avec ou sans test PCR, avec ou sans vaccination ?","breadcrumb":{"@id":"https:\/\/www.autigrevanille.ch\/fr\/covid19-destinations\/#breadcrumb"},"inLanguage":"fr-FR","potentialAction":[{"@type":"ReadAction","target":["https:\/\/www.autigrevanille.ch\/fr\/covid19-destinations\/"]}]},{"@type":"BreadcrumbList","@id":"https:\/\/www.autigrevanille.ch\/fr\/covid19-destinations\/#breadcrumb","itemListElement":[{"@type":"ListItem","position":1,"name":"Accueil","item":"https:\/\/www.autigrevanille.ch\/fr\/"},{"@type":"ListItem","position":2,"name":"O\u00f9 voyager en temps de covid ?"}]},{"@type":"WebSite","@id":"https:\/\/www.autigrevanille.ch\/fr\/#website","url":"https:\/\/www.autigrevanille.ch\/fr\/","name":"Au Tigre Vanill\u00e9, agence de voyages sur mesure","description":"Agence de voyages d&#039;exception et sur mesure","publisher":{"@id":"https:\/\/www.autigrevanille.ch\/fr\/#organization"},"potentialAction":[{"@type":"SearchAction","target":{"@type":"EntryPoint","urlTemplate":"https:\/\/www.autigrevanille.ch\/fr\/?s={search_term_string}"},"query-input":"required name=search_term_string"}],"inLanguage":"fr-FR"},{"@type":"Organization","@id":"https:\/\/www.autigrevanille.ch\/fr\/#organization","name":"Au Tigre Vanill\u00e9","url":"https:\/\/www.autigrevanille.ch\/fr\/","logo":{"@type":"ImageObject","inLanguage":"fr-FR","@id":"https:\/\/www.autigrevanille.ch\/fr\/#\/schema\/logo\/image\/","url":"https:\/\/www.autigrevanille.ch\/wp-content\/uploads\/2018\/08\/Logo_ATV_300x276.png","contentUrl":"https:\/\/www.autigrevanille.ch\/wp-content\/uploads\/2018\/08\/Logo_ATV_300x276.png","width":300,"height":276,"caption":"Au Tigre Vanill\u00e9"},"image":{"@id":"https:\/\/www.autigrevanille.ch\/fr\/#\/schema\/logo\/image\/"},"sameAs":["https:\/\/www.facebook.com\/autigrevanille","https:\/\/www.instagram.com\/autigrevanille","https:\/\/www.linkedin.com\/company\/autigrevanille\/"]}]}},"_links":{"self":[{"href":"https:\/\/www.autigrevanille.ch\/fr\/wp-json\/wp\/v2\/pages\/18190"}],"collection":[{"href":"https:\/\/www.autigrevanille.ch\/fr\/wp-json\/wp\/v2\/pages"}],"about":[{"href":"https:\/\/www.autigrevanille.ch\/fr\/wp-json\/wp\/v2\/types\/page"}],"author":[{"embeddable":true,"href":"https:\/\/www.autigrevanille.ch\/fr\/wp-json\/wp\/v2\/users\/1"}],"replies":[{"embeddable":true,"href":"https:\/\/www.autigrevanille.ch\/fr\/wp-json\/wp\/v2\/comments?post=18190"}],"version-history":[{"count":27,"href":"https:\/\/www.autigrevanille.ch\/fr\/wp-json\/wp\/v2\/pages\/18190\/revisions"}],"predecessor-version":[{"id":56926,"href":"https:\/\/www.autigrevanille.ch\/fr\/wp-json\/wp\/v2\/pages\/18190\/revisions\/56926"}],"wp:attachment":[{"href":"https:\/\/www.autigrevanille.ch\/fr\/wp-json\/wp\/v2\/media?parent=18190"}],"curies":[{"name":"wp","href":"https:\/\/api.w.org\/{rel}","templated":true}]}}