 {"id":51725,"date":"2021-05-11T12:27:44","date_gmt":"2021-05-11T10:27:44","guid":{"rendered":"https:\/\/www.autigrevanille.ch\/fr\/?page_id=51725"},"modified":"2023-07-28T12:21:20","modified_gmt":"2023-07-28T10:21:20","slug":"agence-de-creation-de-voyages","status":"publish","type":"page","link":"https:\/\/www.autigrevanille.ch\/fr\/a-propos\/agence-de-creation-de-voyages\/","title":{"rendered":"Agence de voyages sur mesure"},"content":{"rendered":"<div class=\"wpb-content-wrapper\"><p>[vc_row equal_height=\"yes\" content_placement=\"middle\" css_animation=\"none\" css=\".vc_custom_1661428738157{margin-top: 0px !important;margin-right: 0px !important;margin-bottom: 0px !important;margin-left: 0px !important;border-bottom-width: 0px !important;padding-top: 0px !important;padding-right: 0px !important;padding-left: 0px !important;}\"][vc_column css=\".vc_custom_1631009041128{padding-right: 0px !important;padding-left: 0px !important;}\"][vc_column_text]<div id=\"apropos-page\" class=\"header-banniere-apropos\" style=\"background-image: url('https:\/\/www.autigrevanille.ch\/wp-content\/uploads\/2021\/09\/header-apropos-1600x900.jpg')\" >\n  \t<div>\n      <h1 class=\"apropos-titre-page\">Agence de voyages sur mesure<\/h1>\n  \t<\/div>\n<\/div>\n\n<div class=\"\">\n    <ul class=\"menu-apropos\">\n  <li><a href=\"https:\/\/www.autigrevanille.ch\/fr\/a-propos\/agence-de-creation-de-voyages\/\">Notre approche<\/a><\/li>\n  <li><a href=\"https:\/\/www.autigrevanille.ch\/fr\/a-propos\/des-services-personnalises\/\">Nos services<\/a><\/li>\n  <li><a href=\"https:\/\/www.autigrevanille.ch\/fr\/a-propos\/notre-equipe\/\">Notre \u00e9quipe<\/a><\/li>\n  <li><a href=\"https:\/\/www.autigrevanille.ch\/fr\/a-propos\/agence-de-voyages\/\">Nos agences<\/a><\/li> \n<li><a class=\"link-concours-photo\" href=\"https:\/\/www.autigrevanille.ch\/fr\/a-propos\/concours-photographe-voyageur\/\">Concours Photo<\/a><\/li>\n    <\/ul>\n<\/div>\n[\/vc_column_text][\/vc_column][\/vc_row][vc_row css=\".vc_custom_1690537392201{padding-top: 70px !important;padding-bottom: 70px !important;background-color: #ffffff !important;}\"][vc_column][vc_row_inner el_class=\"intro-apropos\"][vc_column_inner][vc_raw_html]JTNDaDIlMjBjbGFzcyUzRCUyMmNlbnRlcmVkJTIyJTNFQ3IlQzMlQTlhdGlvbiUyMGRlJTIwdm95YWdlcyUyMHN1ciUyMG1lc3VyZSUzQyUyRmgyJTNF[\/vc_raw_html][vc_column_text el_class=\"header-covid\" css=\".vc_custom_1690537511503{background-color: #ffffff !important;}\"]\u00ab Au Tigre Vanill\u00e9 \u00bb est une <strong>agence de voyages sur mesure<\/strong> active depuis plus de 20 ans en Suisse romande, \u00e0 <strong><a href=\"https:\/\/www.autigrevanille.ch\/fr\/a-propos\/nos-agences\/agence-de-geneve\/\">Gen\u00e8ve<\/a><\/strong> et \u00e0 <strong><a href=\"https:\/\/www.autigrevanille.ch\/fr\/a-propos\/nos-agences\/agence-de-lausanne\/\">Lausanne<\/a><\/strong>. Notre savoir-faire et notre passion prennent source dans <a href=\"#philosophie\">notre philosophie<\/a> qui consid\u00e8re le voyage comme un enrichissement personnel et une exp\u00e9rience de vie importante. Pour cette raison, <a href=\"https:\/\/www.autigrevanille.ch\/fr\/a-propos\/notre-equipe\/\">nos cr\u00e9ateurs de voyage<\/a> aiment prendre le temps d'\u00e9laborer des exp\u00e9riences uniques pour nos voyageurs.[\/vc_column_text][\/vc_column_inner][\/vc_row_inner][\/vc_column][\/vc_row][vc_row css=\".vc_custom_1631025262940{padding-top: 70px !important;padding-right: 10% !important;padding-bottom: 70px !important;padding-left: 10% !important;background-color: #f5f0e6 !important;}\"][vc_column width=\"1\/2\"][vc_raw_html]JTNDaDIlM0VMZSUyMHZveWFnZSUyMHN1ciUyMG1lc3VyZSUyMGF2ZWMlMjBBdSUyMFRpZ3JlJTIwVmFuaWxsJUMzJUE5JTNDJTJGaDIlM0U=[\/vc_raw_html][vc_column_text el_class=\"FC_100_texte\" css=\".vc_custom_1690536876838{margin-bottom: 30px !important;}\"]<\/p>\n<h3>Un voyage \u00e0 votre rythme<\/h3>\n<p>Nous avons tous des habitudes et des rythmes de voyage diff\u00e9rents. Avec notre agence, c\u2019est vous qui d\u00e9finissez la cadence. Vous pr\u00e9f\u00e9rez avoir un guide tous les jours ? Seulement lors de certaines \u00e9tapes ?<\/p>\n<p>[\/vc_column_text][vc_column_text el_class=\"FC_100_texte\" css=\".vc_custom_1690536898033{margin-bottom: 30px !important;}\"]<\/p>\n<h3>Un voyage aux dates de votre choix<\/h3>\n<p>Partez quand vous voulez et pour la dur\u00e9e que vous souhaitez\u00a0: 10 jours, deux semaines ou six mois\u2026 En tant qu\u2019agence de cr\u00e9ation de voyages sur mesure, nous cr\u00e9ons votre circuit en fonction de\u00a0votre projet et selon vos disponibilit\u00e9s.[\/vc_column_text][vc_column_text el_class=\"FC_100_texte\"]<\/p>\n<h3>Un voyage adapt\u00e9 \u00e0 vos centres d\u2019int\u00e9r\u00eat<\/h3>\n<p>Passionn\u00e9 d\u2019histoire des civilisations,\u00a0randonneur inv\u00e9t\u00e9r\u00e9 ou plut\u00f4t f\u00e9ru de photographie\u00a0? <a href=\"https:\/\/www.autigrevanille.ch\/fr\/a-propos\/notre-equipe\/\">Notre \u00e9quipe<\/a> de cr\u00e9ateurs de voyage est sp\u00e9cialiste de plus de 70 destinations et vous conseillera et adaptera votre itin\u00e9raire \u00e0 vos centres d\u2019int\u00e9r\u00eat.<\/p>\n<p>[\/vc_column_text][vc_empty_space][\/vc_column][vc_column width=\"1\/2\" offset=\"vc_hidden-xs\"][vc_single_image image=\"57553\" img_size=\"large\"][\/vc_column][\/vc_row][vc_row css=\".vc_custom_1690537392201{padding-top: 70px !important;padding-bottom: 70px !important;background-color: #ffffff !important;}\"][vc_column][vc_raw_html css=\".vc_custom_1690539380631{margin-bottom: 20px !important;}\"]JTNDaDIlMjBjbGFzcyUzRCUyMmNlbnRlcmVkJTIyJTNFQ09NTUVOVCUyMFNFJTIwUEFTU0UlMjBVTiUyMFZPWUFHRSUyMEFWRUMlMjBBVSUyMFRJR1JFJTIwVkFOSUxMJUMzJTg5JTIwJTNGJTNDJTJGaDIlM0U=[\/vc_raw_html][vc_row_inner el_class=\"apropos-voyage-sure-mesure\"][vc_column_inner width=\"1\/3\"][vc_column_text css=\".vc_custom_1690539246483{margin-bottom: 20px !important;}\"]<\/p>\n<h3 style=\"text-align: center;\">1. EXPLORER<\/h3>\n<p>[\/vc_column_text][vc_single_image image=\"5810\" img_size=\"full\" alignment=\"center\"][vc_column_text css=\".vc_custom_1690539321348{margin-top: 20px !important;}\"]<\/p>\n<p style=\"text-align: center;\">Curieux de d\u00e9couvrir un pays ? Rendez-vous sur <a class=\"popup_navigation-sur-mesure\" href=\"https:\/\/www.autigrevanille.ch\/fr\/destinations\/menu-sur-mesure\/\">sa carte et notre s\u00e9lection d'\u00e9tapes phares<\/a>. Vous trouverez des id\u00e9es d'activit\u00e9s originales et nos h\u00e9bergements coups de coeur.<\/p>\n<p>[\/vc_column_text][\/vc_column_inner][vc_column_inner width=\"1\/3\"][vc_column_text css=\".vc_custom_1690539237906{margin-bottom: 20px !important;}\"]<\/p>\n<h3 style=\"text-align: center;\">2. ECHANGER<\/h3>\n<p>[\/vc_column_text][vc_single_image image=\"5808\" img_size=\"full\" alignment=\"center\"][vc_column_text css=\".vc_custom_1690539607689{margin-top: 20px !important;}\"]<\/p>\n<p style=\"text-align: center;\">Parce que nous avons \u00e0 c\u0153ur de dessiner le voyage qui vous ressemble, <a href=\"https:\/\/www.autigrevanille.ch\/fr\/prise-de-rdv\/?ins_portable=%2B41\">rencontrons-nous<\/a> et discutons de vos attentes et de vos int\u00e9r\u00eats. Nous traversons alors les grandes lignes de votre prochaine aventure.<\/p>\n<p>[\/vc_column_text][\/vc_column_inner][vc_column_inner width=\"1\/3\"][vc_column_text css=\".vc_custom_1690539230905{margin-bottom: 20px !important;}\"]<\/p>\n<h3 style=\"text-align: center;\">3. DESSINER<\/h3>\n<p>[\/vc_column_text][vc_single_image image=\"5807\" img_size=\"full\" alignment=\"center\"][vc_column_text css=\".vc_custom_1690539615744{margin-top: 20px !important;margin-bottom: 20px !important;}\"]<\/p>\n<p style=\"text-align: center;\">Votre conseiller d\u00e9di\u00e9, sp\u00e9cialiste de la destination, pourra alors mettre en forme l'itin\u00e9raire correspondant \u00e0 vos envies et vous faire une offre d\u00e9taill\u00e9 : des visites aux h\u00f4tels en passant par les guides.<\/p>\n<p>[\/vc_column_text][\/vc_column_inner][\/vc_row_inner][vc_row_inner el_class=\"apropos-voyage-sure-mesure\" css=\".vc_custom_1690539675901{margin-top: 20px !important;}\"][vc_column_inner width=\"1\/3\"][vc_column_text css=\".vc_custom_1690539426252{margin-bottom: 20px !important;}\"]<\/p>\n<h3 style=\"text-align: center;\">4. PREPARER<\/h3>\n<p>[\/vc_column_text][vc_single_image image=\"5809\" img_size=\"full\" alignment=\"center\"][vc_column_text css=\".vc_custom_1690539519336{margin-top: 20px !important;}\"]<\/p>\n<p style=\"text-align: center;\">Une fois votre itin\u00e9raire valid\u00e9, nous r\u00e9servons les prestations et nous chargeons des formalit\u00e9s de visa et d'assurance. Un carnet de voyage vous sera remis accompagn\u00e9 des derniers conseils avant le d\u00e9part.<\/p>\n<p>[\/vc_column_text][\/vc_column_inner][vc_column_inner width=\"1\/3\"][vc_column_text css=\".vc_custom_1690539436093{margin-bottom: 20px !important;}\"]<\/p>\n<h3 style=\"text-align: center;\">5. VOYAGER<\/h3>\n<p>[\/vc_column_text][vc_single_image image=\"17353\" img_size=\"full\" alignment=\"center\"][vc_column_text css=\".vc_custom_1690539624657{margin-top: 20px !important;margin-bottom: 20px !important;}\"]<\/p>\n<p style=\"text-align: center;\">Profitez en toute s\u00e9r\u00e9nit\u00e9 de votre voyage. Bien s\u00fbr, nous restons \u00e0 votre disposition en cas de besoin, tout au long de votre s\u00e9jour..<\/p>\n<p>[\/vc_column_text][\/vc_column_inner][vc_column_inner width=\"1\/3\"][vc_column_text css=\".vc_custom_1690539446759{margin-bottom: 20px !important;}\"]<\/p>\n<h3 style=\"text-align: center;\">6. RACONTER<\/h3>\n<p>[\/vc_column_text][vc_single_image image=\"17352\" img_size=\"full\" alignment=\"center\"][vc_column_text css=\".vc_custom_1690539634684{margin-top: 20px !important;}\"]<\/p>\n<p style=\"text-align: center;\">A votre retour, nous serons heureux d\u2019entendre votre r\u00e9cit de voyage et d\u2019avoir vos impressions.<\/p>\n<p>[\/vc_column_text][\/vc_column_inner][\/vc_row_inner][\/vc_column][\/vc_row][vc_row css=\".vc_custom_1631025262940{padding-top: 70px !important;padding-right: 10% !important;padding-bottom: 70px !important;padding-left: 10% !important;background-color: #f5f0e6 !important;}\"][vc_column width=\"1\/2\"][vc_raw_html]JTNDaDIlM0VOb3MlMjBzZXJ2aWNlcyUzQyUyRmgyJTNF[\/vc_raw_html][vc_column_text css_animation=\"none\" el_class=\"text-bloc-apropos\"]Chez \u00ab Au Tigre Vanill\u00e9 \u00bb, cr\u00e9er un voyage va bien au-del\u00e0 de la r\u00e9servation des vols et des nuit\u00e9es. Quand vous partez avec nous, vous b\u00e9n\u00e9ficiez en effet de toute une gamme de services suppl\u00e9mentaires. Nous vous invitons \u00e0 d\u00e9couvrir ces services ainsi qu'\u00e0 vous familiariser avec les \u00e9tapes de cr\u00e9ation de voyage[\/vc_column_text][vc_empty_space][vc_btn title=\"DES SERVICES PERSONNALIS\u00c9S\" style=\"outline-custom\" outline_custom_color=\"#000000\" outline_custom_hover_background=\"#000000\" outline_custom_hover_text=\"#ffffff\" shape=\"square\" size=\"xs\" align=\"left\" link=\"url:https%3A%2F%2Fwww.autigrevanille.ch%2Ffr%2Fa-propos%2Fdes-services-personnalises%2F|title:Des%20services%20personnalis%C3%A9s\" el_class=\"button_voir_nos_etapes_small left_align_button\" css=\".vc_custom_1631521235235{margin-top: 0px !important;margin-bottom: 0px !important;}\"][\/vc_column][vc_column width=\"1\/2\" offset=\"vc_hidden-xs\"][vc_single_image image=\"5587\" img_size=\"large\"][\/vc_column][\/vc_row][vc_row css=\".vc_custom_1631109324104{padding-top: 70px !important;padding-right: 10% !important;padding-bottom: 70px !important;padding-left: 10% !important;background-color: #ffffff !important;}\" el_id=\"philosophie\"][vc_column width=\"1\/2\" offset=\"vc_hidden-xs\"][vc_single_image image=\"51710\" img_size=\"medium\"][\/vc_column][vc_column width=\"1\/2\"][vc_raw_html]JTNDaDIlM0VOb3RyZSUyMHBoaWxvc29waGllJTIwZHUlMjB2b3lhZ2UlM0MlMkZoMiUzRQ==[\/vc_raw_html][vc_column_text css_animation=\"none\" el_class=\"text-bloc-apropos\"]<\/p>\n<h3>Chaque voyage\u00a0est une cr\u00e9ation artisanale<\/h3>\n<p>\u00ab\u00a0Au Tigre Vanill\u00e9\u00a0\u00bb est un atelier de cr\u00e9ation de voyage. Nous n\u2019avons jamais eu de catalogue, ni de brochure, nos cr\u00e9ateurs ne vous proposeront pas non plus d\u2019itin\u00e9raires d\u00e9j\u00e0 parcourus. Mais ils partiront de leur savoir-faire pour cr\u00e9er un voyage en fonction de ce que vous d\u00e9sirez. Ils sont experts de leurs destinations, se rendent r\u00e9guli\u00e8rement sur place et sont constamment \u00e0 l\u2019affut de toute nouveaut\u00e9 ou changement. Votre voyage ne sera donc v\u00e9cu qu\u2019une seule fois, par vous.<\/p>\n<h3>Le voyage est une exp\u00e9rience de vie<\/h3>\n<p>Nous croyons que voyages et vacances ne sont pas synonymes. Le voyage peut bien entendu inclure le divertissement ou le repos, mais il les sublime en devenant \u00e9galement une exp\u00e9rience de vie et une source d\u2019\u00e9merveillement pour les sens. Le voyage est donc porteur de sens pour celui qui le vit, un sens qui reste propre \u00e0 chacun et que nous tenons \u00e0 honorer dans nos cr\u00e9ations.<\/p>\n<h3>Le voyage est une rencontre avec l\u2019alt\u00e9rit\u00e9<\/h3>\n<p>Lorsque vous partez avec notre agence de cr\u00e9ation de voyages, vous rencontrerez de nouvelles cultures, \u00e9changerez avec des personnes qui vivent sur place, serez d\u00e9pays\u00e9s par la diversit\u00e9 des lieux et de la nature. Nous croyons que cette confrontation avec l\u2019alt\u00e9rit\u00e9 est une source d\u2019enrichissement personnel et de questionnements sains. Ces nouvelles d\u00e9couvertes pourront \u00e9galement modifier certains aprioris, permettront au voyageur de revenir l\u2019esprit plus ouvert et serein que lors d\u2019un voyage dans une bulle.[\/vc_column_text][\/vc_column][\/vc_row][vc_row css=\".vc_custom_1631025310984{padding-top: 70px !important;padding-right: 10% !important;padding-bottom: 70px !important;padding-left: 10% !important;background-color: #fff7ea !important;}\"][vc_column width=\"1\/2\" el_class=\"bloc-apropos\"][vc_raw_html]JTNDaDIlM0VQb3VycXVvaSUyMG5vdXMlMjBmYWlyZSUyMGNvbmZpYW5jZSUyMCUzRiUzQyUyRmgyJTNF[\/vc_raw_html][vc_column_text css_animation=\"none\" el_class=\"line-height\" css=\".vc_custom_1690363988453{margin-bottom: 40px !important;}\"]<\/p>\n<p>Notre ind\u00e9pendance, notre stabilit\u00e9 et notre expertise font de nous un acteur important du secteur \u00e0 Gen\u00e8ve et \u00e0 Lausanne. De plus, nous avons tiss\u00e9 au fil des ans un r\u00e9seau de guides, de fournisseurs et d\u2019h\u00f4tels qui constitue une source pr\u00e9cieuse dans la cr\u00e9ation de nos exp\u00e9riences. Nous vous invitons \u00e0 d\u00e9couvrir nos valeurs ajout\u00e9es et ce qui fait de nous une agence diff\u00e9rente.<\/p>\n<p>[\/vc_column_text][vc_column_text css_animation=\"none\" el_class=\"text-bloc-apropos\"]<\/p>\n<h3>UNE STABILIT\u00c9 \u00c9PROUV\u00c9E<\/h3>\n<p>Une fiabilit\u00e9 et stabilit\u00e9 prouv\u00e9es depuis 1999 pour des voyages sur mesure en toute s\u00e9r\u00e9nit\u00e9.<\/p>\n<h3>DES EXPERTS QUI CONNAISSENT LE TERRAIN<\/h3>\n<p>Des experts passionn\u00e9s vous offrant des conseils personnalis\u00e9s et une connaissance approfondie des destinations.<\/p>\n<h3>UN R\u00c9SEAU DE GUIDES TISS\u00c9 AU FIL DES ANS<\/h3>\n<p>Des guides francophones expatri\u00e9s ou locaux pour des exp\u00e9riences de voyage uniques.<\/p>\n<h3>UN SERVICE PERSONNALIS\u00c9 DE BOUT EN BOUT<\/h3>\n<p>Un accompagnement continu par un cr\u00e9ateur de voyage expert de la destination.<\/p>\n<h3>DES H\u00c9BERGEMENTS S\u00c9LECTIONN\u00c9S AVEC SOIN<\/h3>\n<p>Des h\u00e9bergements soigneusement s\u00e9lectionn\u00e9s pour leur cadre, leur service et leur emplacement.<\/p>\n<h3>UNE AGENCE IND\u00c9PENDANTE QUI NE FAIT PAS PARTIE D\u2019UN R\u00c9SEAU<\/h3>\n<p>Une agence ind\u00e9pendante concevant des voyages personnalis\u00e9s sans contraintes de prestataires.[\/vc_column_text][vc_empty_space][\/vc_column][vc_column width=\"1\/2\" offset=\"vc_hidden-xs\"][vc_single_image image=\"59056\" img_size=\"medium\"][\/vc_column][\/vc_row][vc_row][vc_column][vc_raw_html css=\".vc_custom_1645028095711{margin-top: 0px !important;margin-right: 0px !important;margin-bottom: 0px !important;margin-left: 0px !important;padding-top: 0px !important;padding-right: 0px !important;padding-bottom: 0px !important;padding-left: 0px !important;}\"]JTVCd3B2LXBvc3QtYm9keSUyMHZpZXdfdGVtcGxhdGUlM0QlMjJmb290ZXItcmVwbGFjZW1lbnQtcmV1c2FibGVibG9ja3MlMjIlNUQ=[\/vc_raw_html][\/vc_column][\/vc_row]<\/p>\n<\/div>","protected":false},"excerpt":{"rendered":"<p>[vc_row equal_height=\u00a0\u00bbyes\u00a0\u00bb content_placement=\u00a0\u00bbmiddle\u00a0\u00bb css_animation=\u00a0\u00bbnone\u00a0\u00bb css=\u00a0\u00bb.vc_custom_1661428738157{margin-top: 0px !important;margin-right: 0px !important;margin-bottom: 0px !important;margin-left: 0px !important;border-bottom-width: 0px !important;padding-top: 0px !important;padding-right: 0px !important;padding-left: 0px !important;}\u00a0\u00bb][vc_column css=\u00a0\u00bb.vc_custom_1631009041128{padding-right: 0px !important;padding-left: 0px !important;}\u00a0\u00bb][vc_column_text][\/vc_column_text][\/vc_column][\/vc_row][vc_row css=\u00a0\u00bb.vc_custom_1690537392201{padding-top: 70px !important;padding-bottom: 70px !important;background-color: #ffffff !important;}\u00a0\u00bb][vc_column][vc_row_inner el_class=\u00a0\u00bbintro-apropos\u00a0\u00bb][vc_column_inner][vc_raw_html]JTNDaDIlMjBjbGFzcyUzRCUyMmNlbnRlcmVkJTIyJTNFQ3IlQzMlQTlhdGlvbiUyMGRlJTIwdm95YWdlcyUyMHN1ciUyMG1lc3VyZSUzQyUyRmgyJTNF[\/vc_raw_html][vc_column_text el_class=\u00a0\u00bbheader-covid\u00a0\u00bb css=\u00a0\u00bb.vc_custom_1690537511503{background-color: #ffffff !important;}\u00a0\u00bb]\u00ab Au Tigre Vanill\u00e9 \u00bb est une agence de voyages sur mesure active depuis plus de 20 ans en Suisse romande, \u00e0 Gen\u00e8ve [&hellip;]<\/p>\n","protected":false},"author":15,"featured_media":51781,"parent":51723,"menu_order":0,"comment_status":"closed","ping_status":"closed","template":"","meta":[],"acf":[],"yoast_head":"<!-- This site is optimized with the Yoast SEO plugin v21.5 - https:\/\/yoast.com\/wordpress\/plugins\/seo\/ -->\n<title>Agence de voyages - Au Tigre Vanill\u00e9, Gen\u00e8ve et Lausanne<\/title>\n<meta name=\"description\" content=\"\u00ab Au Tigre Vanill\u00e9 \u00bb est une agence de cr\u00e9ation de voyages sur mesure active depuis plus de 20 ans en Suisse romande, \u00e0 Gen\u00e8ve et \u00e0 Lausanne.\" \/>\n<meta name=\"robots\" content=\"index, follow, max-snippet:-1, max-image-preview:large, max-video-preview:-1\" \/>\n<link rel=\"canonical\" href=\"https:\/\/www.autigrevanille.ch\/fr\/a-propos\/agence-de-creation-de-voyages\/\" \/>\n<meta property=\"og:locale\" content=\"fr_FR\" \/>\n<meta property=\"og:type\" content=\"article\" \/>\n<meta property=\"og:title\" content=\"Agence de voyages - Au Tigre Vanill\u00e9, Gen\u00e8ve et Lausanne\" \/>\n<meta property=\"og:description\" content=\"\u00ab Au Tigre Vanill\u00e9 \u00bb est une agence de cr\u00e9ation de voyages sur mesure active depuis plus de 20 ans en Suisse romande, \u00e0 Gen\u00e8ve et \u00e0 Lausanne.\" \/>\n<meta property=\"og:url\" content=\"https:\/\/www.autigrevanille.ch\/fr\/a-propos\/agence-de-creation-de-voyages\/\" \/>\n<meta property=\"og:site_name\" content=\"Au Tigre Vanill\u00e9, agence de voyages sur mesure\" \/>\n<meta property=\"article:publisher\" content=\"https:\/\/www.facebook.com\/autigrevanille\" \/>\n<meta property=\"article:modified_time\" content=\"2023-07-28T10:21:20+00:00\" \/>\n<meta property=\"og:image\" content=\"https:\/\/www.autigrevanille.ch\/wp-content\/uploads\/2021\/09\/header-apropos.jpg\" \/>\n\t<meta property=\"og:image:width\" content=\"2000\" \/>\n\t<meta property=\"og:image:height\" content=\"1125\" \/>\n\t<meta property=\"og:image:type\" content=\"image\/jpeg\" \/>\n<meta name=\"twitter:card\" content=\"summary_large_image\" \/>\n<script type=\"application\/ld+json\" class=\"yoast-schema-graph\">{\"@context\":\"https:\/\/schema.org\",\"@graph\":[{\"@type\":\"WebPage\",\"@id\":\"https:\/\/www.autigrevanille.ch\/fr\/a-propos\/agence-de-creation-de-voyages\/\",\"url\":\"https:\/\/www.autigrevanille.ch\/fr\/a-propos\/agence-de-creation-de-voyages\/\",\"name\":\"Agence de voyages - Au Tigre Vanill\u00e9, Gen\u00e8ve et Lausanne\",\"isPartOf\":{\"@id\":\"https:\/\/www.autigrevanille.ch\/fr\/#website\"},\"datePublished\":\"2021-05-11T10:27:44+00:00\",\"dateModified\":\"2023-07-28T10:21:20+00:00\",\"description\":\"\u00ab Au Tigre Vanill\u00e9 \u00bb est une agence de cr\u00e9ation de voyages sur mesure active depuis plus de 20 ans en Suisse romande, \u00e0 Gen\u00e8ve et \u00e0 Lausanne.\",\"breadcrumb\":{\"@id\":\"https:\/\/www.autigrevanille.ch\/fr\/a-propos\/agence-de-creation-de-voyages\/#breadcrumb\"},\"inLanguage\":\"fr-FR\",\"potentialAction\":[{\"@type\":\"ReadAction\",\"target\":[\"https:\/\/www.autigrevanille.ch\/fr\/a-propos\/agence-de-creation-de-voyages\/\"]}]},{\"@type\":\"BreadcrumbList\",\"@id\":\"https:\/\/www.autigrevanille.ch\/fr\/a-propos\/agence-de-creation-de-voyages\/#breadcrumb\",\"itemListElement\":[{\"@type\":\"ListItem\",\"position\":1,\"name\":\"Accueil\",\"item\":\"https:\/\/www.autigrevanille.ch\/fr\/\"},{\"@type\":\"ListItem\",\"position\":2,\"name\":\"A propos\",\"item\":\"https:\/\/www.autigrevanille.ch\/fr\/a-propos\/\"},{\"@type\":\"ListItem\",\"position\":3,\"name\":\"Agence de voyages sur mesure\"}]},{\"@type\":\"WebSite\",\"@id\":\"https:\/\/www.autigrevanille.ch\/fr\/#website\",\"url\":\"https:\/\/www.autigrevanille.ch\/fr\/\",\"name\":\"Au Tigre Vanill\u00e9, agence de voyages sur mesure\",\"description\":\"Agence de voyages d&#039;exception et sur mesure\",\"publisher\":{\"@id\":\"https:\/\/www.autigrevanille.ch\/fr\/#organization\"},\"potentialAction\":[{\"@type\":\"SearchAction\",\"target\":{\"@type\":\"EntryPoint\",\"urlTemplate\":\"https:\/\/www.autigrevanille.ch\/fr\/?s={search_term_string}\"},\"query-input\":\"required name=search_term_string\"}],\"inLanguage\":\"fr-FR\"},{\"@type\":\"Organization\",\"@id\":\"https:\/\/www.autigrevanille.ch\/fr\/#organization\",\"name\":\"Au Tigre Vanill\u00e9\",\"url\":\"https:\/\/www.autigrevanille.ch\/fr\/\",\"logo\":{\"@type\":\"ImageObject\",\"inLanguage\":\"fr-FR\",\"@id\":\"https:\/\/www.autigrevanille.ch\/fr\/#\/schema\/logo\/image\/\",\"url\":\"https:\/\/www.autigrevanille.ch\/wp-content\/uploads\/2018\/08\/Logo_ATV_300x276.png\",\"contentUrl\":\"https:\/\/www.autigrevanille.ch\/wp-content\/uploads\/2018\/08\/Logo_ATV_300x276.png\",\"width\":300,\"height\":276,\"caption\":\"Au Tigre Vanill\u00e9\"},\"image\":{\"@id\":\"https:\/\/www.autigrevanille.ch\/fr\/#\/schema\/logo\/image\/\"},\"sameAs\":[\"https:\/\/www.facebook.com\/autigrevanille\",\"https:\/\/www.instagram.com\/autigrevanille\",\"https:\/\/www.linkedin.com\/company\/autigrevanille\/\"]}]}<\/script>\n<!-- \/ Yoast SEO plugin. -->","yoast_head_json":{"title":"Agence de voyages - Au Tigre Vanill\u00e9, Gen\u00e8ve et Lausanne","description":"\u00ab Au Tigre Vanill\u00e9 \u00bb est une agence de cr\u00e9ation de voyages sur mesure active depuis plus de 20 ans en Suisse romande, \u00e0 Gen\u00e8ve et \u00e0 Lausanne.","robots":{"index":"index","follow":"follow","max-snippet":"max-snippet:-1","max-image-preview":"max-image-preview:large","max-video-preview":"max-video-preview:-1"},"canonical":"https:\/\/www.autigrevanille.ch\/fr\/a-propos\/agence-de-creation-de-voyages\/","og_locale":"fr_FR","og_type":"article","og_title":"Agence de voyages - Au Tigre Vanill\u00e9, Gen\u00e8ve et Lausanne","og_description":"\u00ab Au Tigre Vanill\u00e9 \u00bb est une agence de cr\u00e9ation de voyages sur mesure active depuis plus de 20 ans en Suisse romande, \u00e0 Gen\u00e8ve et \u00e0 Lausanne.","og_url":"https:\/\/www.autigrevanille.ch\/fr\/a-propos\/agence-de-creation-de-voyages\/","og_site_name":"Au Tigre Vanill\u00e9, agence de voyages sur mesure","article_publisher":"https:\/\/www.facebook.com\/autigrevanille","article_modified_time":"2023-07-28T10:21:20+00:00","og_image":[{"width":2000,"height":1125,"url":"https:\/\/www.autigrevanille.ch\/wp-content\/uploads\/2021\/09\/header-apropos.jpg","type":"image\/jpeg"}],"twitter_card":"summary_large_image","schema":{"@context":"https:\/\/schema.org","@graph":[{"@type":"WebPage","@id":"https:\/\/www.autigrevanille.ch\/fr\/a-propos\/agence-de-creation-de-voyages\/","url":"https:\/\/www.autigrevanille.ch\/fr\/a-propos\/agence-de-creation-de-voyages\/","name":"Agence de voyages - Au Tigre Vanill\u00e9, Gen\u00e8ve et Lausanne","isPartOf":{"@id":"https:\/\/www.autigrevanille.ch\/fr\/#website"},"datePublished":"2021-05-11T10:27:44+00:00","dateModified":"2023-07-28T10:21:20+00:00","description":"\u00ab Au Tigre Vanill\u00e9 \u00bb est une agence de cr\u00e9ation de voyages sur mesure active depuis plus de 20 ans en Suisse romande, \u00e0 Gen\u00e8ve et \u00e0 Lausanne.","breadcrumb":{"@id":"https:\/\/www.autigrevanille.ch\/fr\/a-propos\/agence-de-creation-de-voyages\/#breadcrumb"},"inLanguage":"fr-FR","potentialAction":[{"@type":"ReadAction","target":["https:\/\/www.autigrevanille.ch\/fr\/a-propos\/agence-de-creation-de-voyages\/"]}]},{"@type":"BreadcrumbList","@id":"https:\/\/www.autigrevanille.ch\/fr\/a-propos\/agence-de-creation-de-voyages\/#breadcrumb","itemListElement":[{"@type":"ListItem","position":1,"name":"Accueil","item":"https:\/\/www.autigrevanille.ch\/fr\/"},{"@type":"ListItem","position":2,"name":"A propos","item":"https:\/\/www.autigrevanille.ch\/fr\/a-propos\/"},{"@type":"ListItem","position":3,"name":"Agence de voyages sur mesure"}]},{"@type":"WebSite","@id":"https:\/\/www.autigrevanille.ch\/fr\/#website","url":"https:\/\/www.autigrevanille.ch\/fr\/","name":"Au Tigre Vanill\u00e9, agence de voyages sur mesure","description":"Agence de voyages d&#039;exception et sur mesure","publisher":{"@id":"https:\/\/www.autigrevanille.ch\/fr\/#organization"},"potentialAction":[{"@type":"SearchAction","target":{"@type":"EntryPoint","urlTemplate":"https:\/\/www.autigrevanille.ch\/fr\/?s={search_term_string}"},"query-input":"required name=search_term_string"}],"inLanguage":"fr-FR"},{"@type":"Organization","@id":"https:\/\/www.autigrevanille.ch\/fr\/#organization","name":"Au Tigre Vanill\u00e9","url":"https:\/\/www.autigrevanille.ch\/fr\/","logo":{"@type":"ImageObject","inLanguage":"fr-FR","@id":"https:\/\/www.autigrevanille.ch\/fr\/#\/schema\/logo\/image\/","url":"https:\/\/www.autigrevanille.ch\/wp-content\/uploads\/2018\/08\/Logo_ATV_300x276.png","contentUrl":"https:\/\/www.autigrevanille.ch\/wp-content\/uploads\/2018\/08\/Logo_ATV_300x276.png","width":300,"height":276,"caption":"Au Tigre Vanill\u00e9"},"image":{"@id":"https:\/\/www.autigrevanille.ch\/fr\/#\/schema\/logo\/image\/"},"sameAs":["https:\/\/www.facebook.com\/autigrevanille","https:\/\/www.instagram.com\/autigrevanille","https:\/\/www.linkedin.com\/company\/autigrevanille\/"]}]}},"_links":{"self":[{"href":"https:\/\/www.autigrevanille.ch\/fr\/wp-json\/wp\/v2\/pages\/51725"}],"collection":[{"href":"https:\/\/www.autigrevanille.ch\/fr\/wp-json\/wp\/v2\/pages"}],"about":[{"href":"https:\/\/www.autigrevanille.ch\/fr\/wp-json\/wp\/v2\/types\/page"}],"author":[{"embeddable":true,"href":"https:\/\/www.autigrevanille.ch\/fr\/wp-json\/wp\/v2\/users\/15"}],"replies":[{"embeddable":true,"href":"https:\/\/www.autigrevanille.ch\/fr\/wp-json\/wp\/v2\/comments?post=51725"}],"version-history":[{"count":37,"href":"https:\/\/www.autigrevanille.ch\/fr\/wp-json\/wp\/v2\/pages\/51725\/revisions"}],"predecessor-version":[{"id":59078,"href":"https:\/\/www.autigrevanille.ch\/fr\/wp-json\/wp\/v2\/pages\/51725\/revisions\/59078"}],"up":[{"embeddable":true,"href":"https:\/\/www.autigrevanille.ch\/fr\/wp-json\/wp\/v2\/pages\/51723"}],"wp:featuredmedia":[{"embeddable":true,"href":"https:\/\/www.autigrevanille.ch\/fr\/wp-json\/wp\/v2\/media\/51781"}],"wp:attachment":[{"href":"https:\/\/www.autigrevanille.ch\/fr\/wp-json\/wp\/v2\/media?parent=51725"}],"curies":[{"name":"wp","href":"https:\/\/api.w.org\/{rel}","templated":true}]}}