 {"id":51739,"date":"2021-09-08T12:17:30","date_gmt":"2021-09-08T10:17:30","guid":{"rendered":"https:\/\/www.autigrevanille.ch\/fr\/?page_id=51739"},"modified":"2023-07-24T09:44:04","modified_gmt":"2023-07-24T07:44:04","slug":"notre-valeur-ajoutee","status":"publish","type":"page","link":"https:\/\/www.autigrevanille.ch\/fr\/a-propos\/notre-valeur-ajoutee\/","title":{"rendered":"Notre valeur ajout\u00e9e"},"content":{"rendered":"<div class=\"wpb-content-wrapper\"><p>[vc_row equal_height=\"yes\" content_placement=\"middle\" css_animation=\"none\" css=\".vc_custom_1631015676052{margin-top: 0px !important;margin-right: 0px !important;margin-bottom: 0px !important;margin-left: 0px !important;border-bottom-width: 0px !important;padding-right: 0px !important;padding-left: 0px !important;}\"][vc_column css=\".vc_custom_1631009041128{padding-right: 0px !important;padding-left: 0px !important;}\"][vc_column_text]<div id=\"apropos-page\" class=\"header-banniere-apropos\" style=\"background-image: url('https:\/\/www.autigrevanille.ch\/wp-content\/uploads\/2021\/09\/header-valeur-ajoutee-1600x1066.jpg')\" >\n  \t<div>\n      <h1 class=\"apropos-titre-page\">Notre valeur ajout\u00e9e<\/h1>\n  \t<\/div>\n<\/div>\n\n<div class=\"\">\n    <ul class=\"menu-apropos\">\n  <li><a href=\"https:\/\/www.autigrevanille.ch\/fr\/a-propos\/agence-de-creation-de-voyages\/\">Notre approche<\/a><\/li>\n  <li><a href=\"https:\/\/www.autigrevanille.ch\/fr\/a-propos\/des-services-personnalises\/\">Nos services<\/a><\/li>\n  <li><a href=\"https:\/\/www.autigrevanille.ch\/fr\/a-propos\/notre-equipe\/\">Notre \u00e9quipe<\/a><\/li>\n  <li><a href=\"https:\/\/www.autigrevanille.ch\/fr\/a-propos\/agence-de-voyages\/\">Nos agences<\/a><\/li> \n<li><a class=\"link-concours-photo\" href=\"https:\/\/www.autigrevanille.ch\/fr\/a-propos\/concours-photographe-voyageur\/\">Concours Photo<\/a><\/li>\n    <\/ul>\n<\/div>\n[\/vc_column_text][\/vc_column][\/vc_row][vc_row css=\".vc_custom_1631109927165{padding-top: 70px !important;padding-bottom: 20px !important;background-color: #f5f1e7 !important;}\"][vc_column][vc_row_inner el_class=\"intro-apropos\"][vc_column_inner][vc_raw_html]JTNDaDIlMjBzdHlsZSUzRCUyMnRleHQtYWxpZ24lM0ElMjBjZW50ZXIlMjIlM0VQb3VycXVvaSUyMHBhcnRpciUyMGF2ZWMlMjBBdSUyMFRpZ3JlJTIwVmFuaWxsJUMzJUE5JTIwJTNGJTNDJTJGaDIlM0U=[\/vc_raw_html][vc_column_text el_class=\"header-covid\"]Notre ind\u00e9pendance, notre stabilit\u00e9 et notre expertise font de nous un acteur important du secteur \u00e0 Gen\u00e8ve et \u00e0 Lausanne. De plus, nous avons tiss\u00e9 au fil des ans un r\u00e9seau de guides, de fournisseurs et d\u2019h\u00f4tels qui constitue une source pr\u00e9cieuse dans la cr\u00e9ation de nos exp\u00e9riences. Nous vous invitons \u00e0 d\u00e9couvrir nos valeurs ajout\u00e9es et ce qui fait de nous une agence diff\u00e9rente.[\/vc_column_text][\/vc_column_inner][\/vc_row_inner][\/vc_column][\/vc_row][vc_row css=\".vc_custom_1631109992630{padding-bottom: 50px !important;background-color: #ffffff !important;}\"][vc_column][vc_row_inner el_id=\"voyage-serein\" css=\".vc_custom_1631092642351{padding-top: 50px !important;}\"][vc_column_inner width=\"1\/2\"][vc_column_text el_class=\"apropos-colored-block\"]<\/p>\n<h2 style=\"text-align: left;\">Une philosophie du voyage qui nous est propre<\/h2>\n<p style=\"text-align: left;\">Notre savoir-faire et notre passion prennent source dans notre philosophie qui consid\u00e8re le voyage comme un enrichissement personnel et une exp\u00e9rience de vie importante. Pour cette raison, nous aimons prendre le temps de cr\u00e9er votre voyage, afin qu\u2019il ne ressemble \u00e0 aucun autre.<\/p>\n<p style=\"text-align: left;\"><a href=\"https:\/\/www.autigrevanille.ch\/fr\/a-propos\/agence-de-creation-de-voyages\/#philosophie\">NOTRE PHILOSOPHIE<\/a><\/p>\n<p>[\/vc_column_text][vc_column_text el_class=\"apropos-no-colored-block\"]<\/p>\n<h2 style=\"text-align: left;\" align=\"center\">Une stabilit\u00e9 \u00e9prouv\u00e9e<\/h2>\n<p style=\"text-align: left;\">Acteur incontournable du voyage sur mesure depuis 1999, nous avons d\u00e9velopp\u00e9 et prouv\u00e9 notre fiabilit\u00e9 et notre stabilit\u00e9 \u00e0 travers les ans. De plus, les voyages que vous r\u00e9servez aupr\u00e8s de \u00ab\u00a0Au Tigre Vanill\u00e9\u00a0\u00bb sont prot\u00e9g\u00e9s financi\u00e8rement gr\u00e2ce \u00e0 notre adh\u00e9sion au fonds de garantie TPA.<\/p>\n<p>[\/vc_column_text][vc_column_text el_class=\"apropos-colored-block\"]<\/p>\n<h2 style=\"text-align: left;\">Des experts qui connaissent le terrain<\/h2>\n<p style=\"text-align: left;\">Tous nos cr\u00e9ateurs de voyages sont des sp\u00e9cialistes, mais surtout des passionn\u00e9s de leurs destinations qui se rendent r\u00e9guli\u00e8rement sur le terrain. Leur expertise passe \u00e9galement par les conseils individualis\u00e9s et leur capacit\u00e9 de rester \u00e0 l\u2019\u00e9coute des d\u00e9sirs et besoins de nos voyageurs.<\/p>\n<p style=\"text-align: left;\"><a href=\"https:\/\/www.autigrevanille.ch\/fr\/a-propos\/notre-equipe\/\">NOTRE EQUIPE<\/a><\/p>\n<p>[\/vc_column_text][\/vc_column_inner][vc_column_inner width=\"1\/2\"][vc_column_text el_class=\"apropos-no-colored-block\"]<\/p>\n<h2 style=\"text-align: left;\">Un r\u00e9seau de guides tiss\u00e9 au fil des ans<\/h2>\n<p style=\"text-align: left;\">Qu\u2019ils soient expatri\u00e9s francophones ou des locaux pratiquant le fran\u00e7ais couramment, nous avons constitu\u00e9 un r\u00e9seau d\u2019excellents guides partout dans le monde. Nous les avons s\u00e9lectionn\u00e9s pour leur parcours de vie original, leur v\u00e9cu riche d\u2019anecdotes, et pour leur capacit\u00e9 \u00e0 transmettre leur passion. Nous travaillons \u00e9galement de fa\u00e7on ponctuelle avec des guides conf\u00e9renciers exceptionnels, dans le cadre de circuits en petit groupe.<\/p>\n<p>[\/vc_column_text][vc_column_text el_class=\"apropos-colored-block\"]<\/p>\n<h2 style=\"text-align: left;\">Un service personnalis\u00e9 de bout en bout<\/h2>\n<p style=\"text-align: left;\">Du d\u00e9but \u00e0 la fin de votre projet, vous serez en relation avec le m\u00eame cr\u00e9ateur de voyage, expert de votre destination. Il g\u00e8rera l\u2019int\u00e9gralit\u00e9 de votre dossier et sera disponible avant, pendant et apr\u00e8s votre voyage. Vous serez conseill\u00e9s, guid\u00e9s et aurez acc\u00e8s \u00e0 une documentation de voyage personnalis\u00e9e.<\/p>\n<p style=\"text-align: left;\"><a href=\"https:\/\/www.autigrevanille.ch\/fr\/a-propos\/des-services-personnalises\/\">NOS SERVICES<\/a><\/p>\n<p>[\/vc_column_text][vc_column_text el_class=\"apropos-no-colored-block\"]<\/p>\n<h2 style=\"text-align: left;\">Des h\u00e9bergements s\u00e9lectionn\u00e9s avec soin<\/h2>\n<p style=\"text-align: left;\">Travail de longue haleine, nous avons test\u00e9 une s\u00e9lection des meilleurs h\u00e9bergements qui par leur cadre, leur qualit\u00e9 de service, leurs \u00e9quipements et leur emplacement se d\u00e9marquent des autres. Notre choix s\u2019oriente g\u00e9n\u00e9ralement vers les lodges de caract\u00e8re ou les petits h\u00f4tels de charme qui m\u00ealent raffinement et authenticit\u00e9. Nous accordons \u00e9galement une importance \u00e0 la fa\u00e7on dont sont g\u00e9r\u00e9s les \u00e9tablissements.<\/p>\n<p>[\/vc_column_text][vc_column_text el_class=\"apropos-colored-block\"]<\/p>\n<h2 style=\"text-align: left;\" align=\"center\">Une agence ind\u00e9pendante qui ne fait pas partie d\u2019un r\u00e9seau<\/h2>\n<p style=\"text-align: left;\">Nous ne servons pas d\u2019interm\u00e9diaire pour revendre les voyages d\u2019autres agences, mais nous concevons nos voyages nous-m\u00eames, dans nos bureaux, et sommes ainsi aptes \u00e0 personnaliser chacun des aspects des offres que nous vous faisons. De plus, nous n\u2019avons aucun contrat d\u2019exclusivit\u00e9 avec nos prestataires, ceci afin de pouvoir vous conseiller de fa\u00e7on ind\u00e9pendante.<\/p>\n<p>[\/vc_column_text][\/vc_column_inner][\/vc_row_inner][\/vc_column][\/vc_row][vc_row][vc_column][vc_raw_html css=\".vc_custom_1645028149255{margin-top: 0px !important;margin-right: 0px !important;margin-bottom: 0px !important;margin-left: 0px !important;padding-top: 0px !important;padding-right: 0px !important;padding-bottom: 0px !important;padding-left: 0px !important;}\"]JTVCd3B2LXBvc3QtYm9keSUyMHZpZXdfdGVtcGxhdGUlM0QlMjJmb290ZXItcmVwbGFjZW1lbnQtcmV1c2FibGVibG9ja3MlMjIlNUQ=[\/vc_raw_html][\/vc_column][\/vc_row]<\/p>\n<\/div>","protected":false},"excerpt":{"rendered":"<p>[vc_row equal_height=\u00a0\u00bbyes\u00a0\u00bb content_placement=\u00a0\u00bbmiddle\u00a0\u00bb css_animation=\u00a0\u00bbnone\u00a0\u00bb css=\u00a0\u00bb.vc_custom_1631015676052{margin-top: 0px !important;margin-right: 0px !important;margin-bottom: 0px !important;margin-left: 0px !important;border-bottom-width: 0px !important;padding-right: 0px !important;padding-left: 0px !important;}\u00a0\u00bb][vc_column css=\u00a0\u00bb.vc_custom_1631009041128{padding-right: 0px !important;padding-left: 0px !important;}\u00a0\u00bb][vc_column_text][\/vc_column_text][\/vc_column][\/vc_row][vc_row css=\u00a0\u00bb.vc_custom_1631109927165{padding-top: 70px !important;padding-bottom: 20px !important;background-color: #f5f1e7 !important;}\u00a0\u00bb][vc_column][vc_row_inner el_class=\u00a0\u00bbintro-apropos\u00a0\u00bb][vc_column_inner][vc_raw_html]JTNDaDIlMjBzdHlsZSUzRCUyMnRleHQtYWxpZ24lM0ElMjBjZW50ZXIlMjIlM0VQb3VycXVvaSUyMHBhcnRpciUyMGF2ZWMlMjBBdSUyMFRpZ3JlJTIwVmFuaWxsJUMzJUE5JTIwJTNGJTNDJTJGaDIlM0U=[\/vc_raw_html][vc_column_text el_class=\u00a0\u00bbheader-covid\u00a0\u00bb]Notre ind\u00e9pendance, notre stabilit\u00e9 et notre expertise font de nous un acteur important du secteur \u00e0 Gen\u00e8ve et \u00e0 Lausanne. De plus, nous avons tiss\u00e9 au fil des [&hellip;]<\/p>\n","protected":false},"author":15,"featured_media":51788,"parent":51723,"menu_order":0,"comment_status":"closed","ping_status":"closed","template":"","meta":[],"acf":[],"yoast_head":"<!-- This site is optimized with the Yoast SEO plugin v21.5 - https:\/\/yoast.com\/wordpress\/plugins\/seo\/ -->\n<title>Au Tigre Vanill\u00e9 : Notre Valeur Ajout\u00e9e - Voyage sur mesure<\/title>\n<meta name=\"description\" content=\"Notre ind\u00e9pendance, notre stabilit\u00e9 et notre expertise font de nous un acteur important du secteur \u00e0 Gen\u00e8ve et \u00e0 Lausanne.\" \/>\n<meta name=\"robots\" content=\"index, follow, max-snippet:-1, max-image-preview:large, max-video-preview:-1\" \/>\n<link rel=\"canonical\" href=\"https:\/\/www.autigrevanille.ch\/fr\/a-propos\/notre-valeur-ajoutee\/\" \/>\n<meta property=\"og:locale\" content=\"fr_FR\" \/>\n<meta property=\"og:type\" content=\"article\" \/>\n<meta property=\"og:title\" content=\"Au Tigre Vanill\u00e9 : Notre Valeur Ajout\u00e9e - Voyage sur mesure\" \/>\n<meta property=\"og:description\" content=\"Notre ind\u00e9pendance, notre stabilit\u00e9 et notre expertise font de nous un acteur important du secteur \u00e0 Gen\u00e8ve et \u00e0 Lausanne.\" \/>\n<meta property=\"og:url\" content=\"https:\/\/www.autigrevanille.ch\/fr\/a-propos\/notre-valeur-ajoutee\/\" \/>\n<meta property=\"og:site_name\" content=\"Au Tigre Vanill\u00e9, agence de voyages sur mesure\" \/>\n<meta property=\"article:publisher\" content=\"https:\/\/www.facebook.com\/autigrevanille\" \/>\n<meta property=\"article:modified_time\" content=\"2023-07-24T07:44:04+00:00\" \/>\n<meta property=\"og:image\" content=\"https:\/\/www.autigrevanille.ch\/wp-content\/uploads\/2021\/09\/header-valeur-ajoutee.jpg\" \/>\n\t<meta property=\"og:image:width\" content=\"2000\" \/>\n\t<meta property=\"og:image:height\" content=\"1333\" \/>\n\t<meta property=\"og:image:type\" content=\"image\/jpeg\" \/>\n<meta name=\"twitter:card\" content=\"summary_large_image\" \/>\n<script type=\"application\/ld+json\" class=\"yoast-schema-graph\">{\"@context\":\"https:\/\/schema.org\",\"@graph\":[{\"@type\":\"WebPage\",\"@id\":\"https:\/\/www.autigrevanille.ch\/fr\/a-propos\/notre-valeur-ajoutee\/\",\"url\":\"https:\/\/www.autigrevanille.ch\/fr\/a-propos\/notre-valeur-ajoutee\/\",\"name\":\"Au Tigre Vanill\u00e9 : Notre Valeur Ajout\u00e9e - Voyage sur mesure\",\"isPartOf\":{\"@id\":\"https:\/\/www.autigrevanille.ch\/fr\/#website\"},\"datePublished\":\"2021-09-08T10:17:30+00:00\",\"dateModified\":\"2023-07-24T07:44:04+00:00\",\"description\":\"Notre ind\u00e9pendance, notre stabilit\u00e9 et notre expertise font de nous un acteur important du secteur \u00e0 Gen\u00e8ve et \u00e0 Lausanne.\",\"breadcrumb\":{\"@id\":\"https:\/\/www.autigrevanille.ch\/fr\/a-propos\/notre-valeur-ajoutee\/#breadcrumb\"},\"inLanguage\":\"fr-FR\",\"potentialAction\":[{\"@type\":\"ReadAction\",\"target\":[\"https:\/\/www.autigrevanille.ch\/fr\/a-propos\/notre-valeur-ajoutee\/\"]}]},{\"@type\":\"BreadcrumbList\",\"@id\":\"https:\/\/www.autigrevanille.ch\/fr\/a-propos\/notre-valeur-ajoutee\/#breadcrumb\",\"itemListElement\":[{\"@type\":\"ListItem\",\"position\":1,\"name\":\"Accueil\",\"item\":\"https:\/\/www.autigrevanille.ch\/fr\/\"},{\"@type\":\"ListItem\",\"position\":2,\"name\":\"A propos\",\"item\":\"https:\/\/www.autigrevanille.ch\/fr\/a-propos\/\"},{\"@type\":\"ListItem\",\"position\":3,\"name\":\"Notre valeur ajout\u00e9e\"}]},{\"@type\":\"WebSite\",\"@id\":\"https:\/\/www.autigrevanille.ch\/fr\/#website\",\"url\":\"https:\/\/www.autigrevanille.ch\/fr\/\",\"name\":\"Au Tigre Vanill\u00e9, agence de voyages sur mesure\",\"description\":\"Agence de voyages d&#039;exception et sur mesure\",\"publisher\":{\"@id\":\"https:\/\/www.autigrevanille.ch\/fr\/#organization\"},\"potentialAction\":[{\"@type\":\"SearchAction\",\"target\":{\"@type\":\"EntryPoint\",\"urlTemplate\":\"https:\/\/www.autigrevanille.ch\/fr\/?s={search_term_string}\"},\"query-input\":\"required name=search_term_string\"}],\"inLanguage\":\"fr-FR\"},{\"@type\":\"Organization\",\"@id\":\"https:\/\/www.autigrevanille.ch\/fr\/#organization\",\"name\":\"Au Tigre Vanill\u00e9\",\"url\":\"https:\/\/www.autigrevanille.ch\/fr\/\",\"logo\":{\"@type\":\"ImageObject\",\"inLanguage\":\"fr-FR\",\"@id\":\"https:\/\/www.autigrevanille.ch\/fr\/#\/schema\/logo\/image\/\",\"url\":\"https:\/\/www.autigrevanille.ch\/wp-content\/uploads\/2018\/08\/Logo_ATV_300x276.png\",\"contentUrl\":\"https:\/\/www.autigrevanille.ch\/wp-content\/uploads\/2018\/08\/Logo_ATV_300x276.png\",\"width\":300,\"height\":276,\"caption\":\"Au Tigre Vanill\u00e9\"},\"image\":{\"@id\":\"https:\/\/www.autigrevanille.ch\/fr\/#\/schema\/logo\/image\/\"},\"sameAs\":[\"https:\/\/www.facebook.com\/autigrevanille\",\"https:\/\/www.instagram.com\/autigrevanille\",\"https:\/\/www.linkedin.com\/company\/autigrevanille\/\"]}]}<\/script>\n<!-- \/ Yoast SEO plugin. -->","yoast_head_json":{"title":"Au Tigre Vanill\u00e9 : Notre Valeur Ajout\u00e9e - Voyage sur mesure","description":"Notre ind\u00e9pendance, notre stabilit\u00e9 et notre expertise font de nous un acteur important du secteur \u00e0 Gen\u00e8ve et \u00e0 Lausanne.","robots":{"index":"index","follow":"follow","max-snippet":"max-snippet:-1","max-image-preview":"max-image-preview:large","max-video-preview":"max-video-preview:-1"},"canonical":"https:\/\/www.autigrevanille.ch\/fr\/a-propos\/notre-valeur-ajoutee\/","og_locale":"fr_FR","og_type":"article","og_title":"Au Tigre Vanill\u00e9 : Notre Valeur Ajout\u00e9e - Voyage sur mesure","og_description":"Notre ind\u00e9pendance, notre stabilit\u00e9 et notre expertise font de nous un acteur important du secteur \u00e0 Gen\u00e8ve et \u00e0 Lausanne.","og_url":"https:\/\/www.autigrevanille.ch\/fr\/a-propos\/notre-valeur-ajoutee\/","og_site_name":"Au Tigre Vanill\u00e9, agence de voyages sur mesure","article_publisher":"https:\/\/www.facebook.com\/autigrevanille","article_modified_time":"2023-07-24T07:44:04+00:00","og_image":[{"width":2000,"height":1333,"url":"https:\/\/www.autigrevanille.ch\/wp-content\/uploads\/2021\/09\/header-valeur-ajoutee.jpg","type":"image\/jpeg"}],"twitter_card":"summary_large_image","schema":{"@context":"https:\/\/schema.org","@graph":[{"@type":"WebPage","@id":"https:\/\/www.autigrevanille.ch\/fr\/a-propos\/notre-valeur-ajoutee\/","url":"https:\/\/www.autigrevanille.ch\/fr\/a-propos\/notre-valeur-ajoutee\/","name":"Au Tigre Vanill\u00e9 : Notre Valeur Ajout\u00e9e - Voyage sur mesure","isPartOf":{"@id":"https:\/\/www.autigrevanille.ch\/fr\/#website"},"datePublished":"2021-09-08T10:17:30+00:00","dateModified":"2023-07-24T07:44:04+00:00","description":"Notre ind\u00e9pendance, notre stabilit\u00e9 et notre expertise font de nous un acteur important du secteur \u00e0 Gen\u00e8ve et \u00e0 Lausanne.","breadcrumb":{"@id":"https:\/\/www.autigrevanille.ch\/fr\/a-propos\/notre-valeur-ajoutee\/#breadcrumb"},"inLanguage":"fr-FR","potentialAction":[{"@type":"ReadAction","target":["https:\/\/www.autigrevanille.ch\/fr\/a-propos\/notre-valeur-ajoutee\/"]}]},{"@type":"BreadcrumbList","@id":"https:\/\/www.autigrevanille.ch\/fr\/a-propos\/notre-valeur-ajoutee\/#breadcrumb","itemListElement":[{"@type":"ListItem","position":1,"name":"Accueil","item":"https:\/\/www.autigrevanille.ch\/fr\/"},{"@type":"ListItem","position":2,"name":"A propos","item":"https:\/\/www.autigrevanille.ch\/fr\/a-propos\/"},{"@type":"ListItem","position":3,"name":"Notre valeur ajout\u00e9e"}]},{"@type":"WebSite","@id":"https:\/\/www.autigrevanille.ch\/fr\/#website","url":"https:\/\/www.autigrevanille.ch\/fr\/","name":"Au Tigre Vanill\u00e9, agence de voyages sur mesure","description":"Agence de voyages d&#039;exception et sur mesure","publisher":{"@id":"https:\/\/www.autigrevanille.ch\/fr\/#organization"},"potentialAction":[{"@type":"SearchAction","target":{"@type":"EntryPoint","urlTemplate":"https:\/\/www.autigrevanille.ch\/fr\/?s={search_term_string}"},"query-input":"required name=search_term_string"}],"inLanguage":"fr-FR"},{"@type":"Organization","@id":"https:\/\/www.autigrevanille.ch\/fr\/#organization","name":"Au Tigre Vanill\u00e9","url":"https:\/\/www.autigrevanille.ch\/fr\/","logo":{"@type":"ImageObject","inLanguage":"fr-FR","@id":"https:\/\/www.autigrevanille.ch\/fr\/#\/schema\/logo\/image\/","url":"https:\/\/www.autigrevanille.ch\/wp-content\/uploads\/2018\/08\/Logo_ATV_300x276.png","contentUrl":"https:\/\/www.autigrevanille.ch\/wp-content\/uploads\/2018\/08\/Logo_ATV_300x276.png","width":300,"height":276,"caption":"Au Tigre Vanill\u00e9"},"image":{"@id":"https:\/\/www.autigrevanille.ch\/fr\/#\/schema\/logo\/image\/"},"sameAs":["https:\/\/www.facebook.com\/autigrevanille","https:\/\/www.instagram.com\/autigrevanille","https:\/\/www.linkedin.com\/company\/autigrevanille\/"]}]}},"_links":{"self":[{"href":"https:\/\/www.autigrevanille.ch\/fr\/wp-json\/wp\/v2\/pages\/51739"}],"collection":[{"href":"https:\/\/www.autigrevanille.ch\/fr\/wp-json\/wp\/v2\/pages"}],"about":[{"href":"https:\/\/www.autigrevanille.ch\/fr\/wp-json\/wp\/v2\/types\/page"}],"author":[{"embeddable":true,"href":"https:\/\/www.autigrevanille.ch\/fr\/wp-json\/wp\/v2\/users\/15"}],"replies":[{"embeddable":true,"href":"https:\/\/www.autigrevanille.ch\/fr\/wp-json\/wp\/v2\/comments?post=51739"}],"version-history":[{"count":1,"href":"https:\/\/www.autigrevanille.ch\/fr\/wp-json\/wp\/v2\/pages\/51739\/revisions"}],"predecessor-version":[{"id":54266,"href":"https:\/\/www.autigrevanille.ch\/fr\/wp-json\/wp\/v2\/pages\/51739\/revisions\/54266"}],"up":[{"embeddable":true,"href":"https:\/\/www.autigrevanille.ch\/fr\/wp-json\/wp\/v2\/pages\/51723"}],"wp:featuredmedia":[{"embeddable":true,"href":"https:\/\/www.autigrevanille.ch\/fr\/wp-json\/wp\/v2\/media\/51788"}],"wp:attachment":[{"href":"https:\/\/www.autigrevanille.ch\/fr\/wp-json\/wp\/v2\/media?parent=51739"}],"curies":[{"name":"wp","href":"https:\/\/api.w.org\/{rel}","templated":true}]}}